{"id":1306,"date":"2020-12-16T13:12:25","date_gmt":"2020-12-16T12:12:25","guid":{"rendered":"https:\/\/iesnavarrovilloslada.educacion.navarra.es\/web\/adn\/?post_type=articulos&#038;p=1306"},"modified":"2020-12-16T13:12:25","modified_gmt":"2020-12-16T12:12:25","slug":"equipo-editorial-no-2","status":"publish","type":"articulos","link":"https:\/\/iesnavarrovilloslada.educacion.navarra.es\/web\/adn\/articulos\/equipo-editorial-no-2\/","title":{"rendered":"Equipo editorial (n\u00ba 2)"},"content":{"rendered":"\n<h2 class=\"wp-block-heading\"><strong>Responsable de contenidos<\/strong><\/h2>\n\n\n\n<p>Patricia Rivas Puerta<\/p>\n\n\n\n<h2 class=\"wp-block-heading\"><strong>Equipo de edici\u00f3n\/Editores (grupo de bachillerato 2\u00ba F)<\/strong><\/h2>\n\n\n\n<ul class=\"wp-block-list\"><li>Yaguana Bonilla, Donovan Alexis<\/li><li>Valero P\u00e9rez, Carol Irati<\/li><li>Josu Orozco Elorza (profesor de Tecnolog\u00eda)<\/li><\/ul>\n\n\n\n<h2 class=\"wp-block-heading\"><strong>Equipo de redacci\u00f3n. Alumnado CAS \u2013 Bachillerato Internacional<\/strong><\/h2>\n\n\n\n<ul class=\"wp-block-list\"><li>Alaitz Azcona<\/li><li>Irati Liang Azcona Marcos<\/li><li>Anne Vides de 2\u00baA<\/li><li>Jhostin Alexis Cabrera<\/li><li>Noa Hidalgo Sawada<\/li><li>Raquel Sal\u00f3n de 1\u00ba Bach. A<\/li><li>Ekhi Blanco P\u00e9rez<\/li><li>Irene Prieto Andueza<\/li><li>Marina Matilde Lera<\/li><li>Mario Sarr\u00eda \u00darizOihane Zabalegui<\/li><\/ul>\n\n\n\n<h2 class=\"wp-block-heading\"><strong>Coordinaci\u00f3n t\u00e9cnica<\/strong><\/h2>\n\n\n\n<p>Gabriel Rubio<\/p>\n","protected":false},"excerpt":{"rendered":"<p>Responsable de contenidos Patricia Rivas Puerta Equipo de edici\u00f3n\/Editores (grupo de bachillerato 2\u00ba F) Yaguana Bonilla, Donovan Alexis Valero P\u00e9rez, Carol Irati Josu Orozco Elorza (profesor de Tecnolog\u00eda) Equipo de redacci\u00f3n. Alumnado CAS \u2013 Bachillerato Internacional Alaitz Azcona Irati Liang Azcona Marcos Anne Vides de 2\u00baA Jhostin Alexis Cabrera Noa Hidalgo Sawada Raquel Sal\u00f3n de [&hellip;]<\/p>\n","protected":false},"author":1,"featured_media":121,"menu_order":0,"comment_status":"closed","ping_status":"closed","template":"","format":"standard","meta":{"_genesis_hide_title":false,"_genesis_hide_breadcrumbs":false,"_genesis_hide_singular_image":false,"_genesis_hide_footer_widgets":false,"_genesis_custom_body_class":"","_genesis_custom_post_class":"","_genesis_layout":"","footnotes":"","_links_to":"","_links_to_target":""},"numero":[23],"seccion":[50],"idioma":[38],"class_list":{"0":"post-1306","1":"articulos","2":"type-articulos","3":"status-publish","4":"format-standard","5":"has-post-thumbnail","7":"numero-numero-2","8":"seccion-bienvenida-al-numero","9":"idioma-espanol","10":"entry"},"_links":{"self":[{"href":"https:\/\/iesnavarrovilloslada.educacion.navarra.es\/web\/adn\/wp-json\/wp\/v2\/articulos\/1306","targetHints":{"allow":["GET"]}}],"collection":[{"href":"https:\/\/iesnavarrovilloslada.educacion.navarra.es\/web\/adn\/wp-json\/wp\/v2\/articulos"}],"about":[{"href":"https:\/\/iesnavarrovilloslada.educacion.navarra.es\/web\/adn\/wp-json\/wp\/v2\/types\/articulos"}],"author":[{"embeddable":true,"href":"https:\/\/iesnavarrovilloslada.educacion.navarra.es\/web\/adn\/wp-json\/wp\/v2\/users\/1"}],"replies":[{"embeddable":true,"href":"https:\/\/iesnavarrovilloslada.educacion.navarra.es\/web\/adn\/wp-json\/wp\/v2\/comments?post=1306"}],"version-history":[{"count":1,"href":"https:\/\/iesnavarrovilloslada.educacion.navarra.es\/web\/adn\/wp-json\/wp\/v2\/articulos\/1306\/revisions"}],"predecessor-version":[{"id":1307,"href":"https:\/\/iesnavarrovilloslada.educacion.navarra.es\/web\/adn\/wp-json\/wp\/v2\/articulos\/1306\/revisions\/1307"}],"wp:featuredmedia":[{"embeddable":true,"href":"https:\/\/iesnavarrovilloslada.educacion.navarra.es\/web\/adn\/wp-json\/wp\/v2\/media\/121"}],"wp:attachment":[{"href":"https:\/\/iesnavarrovilloslada.educacion.navarra.es\/web\/adn\/wp-json\/wp\/v2\/media?parent=1306"}],"wp:term":[{"taxonomy":"numero","embeddable":true,"href":"https:\/\/iesnavarrovilloslada.educacion.navarra.es\/web\/adn\/wp-json\/wp\/v2\/numero?post=1306"},{"taxonomy":"seccion","embeddable":true,"href":"https:\/\/iesnavarrovilloslada.educacion.navarra.es\/web\/adn\/wp-json\/wp\/v2\/seccion?post=1306"},{"taxonomy":"idioma","embeddable":true,"href":"https:\/\/iesnavarrovilloslada.educacion.navarra.es\/web\/adn\/wp-json\/wp\/v2\/idioma?post=1306"}],"curies":[{"name":"wp","href":"https:\/\/api.w.org\/{rel}","templated":true}]}}