{"id":1123,"date":"2020-12-16T13:17:14","date_gmt":"2020-12-16T12:17:14","guid":{"rendered":"https:\/\/iesnavarrovilloslada.educacion.navarra.es\/web\/adn\/?post_type=articulos&#038;p=1123"},"modified":"2020-12-16T13:17:14","modified_gmt":"2020-12-16T12:17:14","slug":"braiins-project-logo-contest-concurso-de-logos","status":"publish","type":"articulos","link":"https:\/\/iesnavarrovilloslada.educacion.navarra.es\/web\/adn\/articulos\/braiins-project-logo-contest-concurso-de-logos\/","title":{"rendered":"BRAIINS PROJECT. LOGO CONTEST-CONCURSO DE LOGOS"},"content":{"rendered":"\n<div class=\"wp-block-columns is-layout-flex wp-container-core-columns-is-layout-1 wp-block-columns-is-layout-flex\">\n<div class=\"wp-block-column is-layout-flow wp-block-column-is-layout-flow\">\n<h4 class=\"wp-block-heading\"><strong>ARTIFICIAL INTELLIGENCE AT NAVARRO VILLOSLADA<\/strong><\/h4>\n\n\n\n<p>Our school has something to celebrate! The Internationalization Agency of the European Union has granted us a new Erasmus+ project.<\/p>\n\n\n\n<p>The \u201c<strong>BRAIINS: BRing AI In School<\/strong>\u201d project will last 3 school years, from 2020 to 2023. Its aim is approaching&nbsp; Artificial Intelligence to education to start making our students and our community aware of the importance of AI in the near future.<\/p>\n\n\n\n<p>The project has just started and the first activity we have agreed with our partner schools has been a Logo contest to find the best logo to fit our goal.<\/p>\n\n\n\n<div class=\"wp-block-media-text alignwide has-media-on-the-right is-stacked-on-mobile\" style=\"grid-template-columns:auto 40%\"><figure class=\"wp-block-media-text__media\"><img fetchpriority=\"high\" decoding=\"async\" width=\"469\" height=\"444\" src=\"https:\/\/iesnavarrovilloslada.educacion.navarra.es\/web\/adn\/wp-content\/uploads\/sites\/4\/2020\/12\/Giacomo-Galli-logo-braiins-1-2.jpg\" alt=\"\" class=\"wp-image-1189\" srcset=\"https:\/\/iesnavarrovilloslada.educacion.navarra.es\/web\/adn\/wp-content\/uploads\/sites\/4\/2020\/12\/Giacomo-Galli-logo-braiins-1-2.jpg 469w, https:\/\/iesnavarrovilloslada.educacion.navarra.es\/web\/adn\/wp-content\/uploads\/sites\/4\/2020\/12\/Giacomo-Galli-logo-braiins-1-2-300x284.jpg 300w\" sizes=\"(max-width: 469px) 100vw, 469px\" \/><\/figure><div class=\"wp-block-media-text__content\">\n<p class=\"has-normal-font-size\">This logo, made by an Italian student, has been the winner.<\/p>\n<\/div><\/div>\n\n\n\n<p class=\"has-text-align-right\"><a href=\"https:\/\/drive.google.com\/file\/d\/1ciKJ2Ul_n1tHXPbjX9i32SfOkOri5B5Q\/view\"><sub><sup><span style=\"color:#c5c5c5\" class=\"has-inline-color\">Imagen cedida por el autor.<\/span><\/sup><\/sub><\/a><\/p>\n\n\n\n<p>However, we are extremely proud of the nice hard work our 4<sup>th<\/sup> graders (Arts and ICT Bilingual Programme\u2019s pupils) have done and we would like you to see them all. You can find them not only on the panels in front of the 2nd graders\u2019 corridor, but also below these lines (click on the author&#8217;s name to see it in real size).<\/p>\n\n\n\n<p>You can also find two clips containing some of the logos and the explanation the authors have given to understand their projects.<\/p>\n<\/div>\n\n\n\n<div class=\"wp-block-column is-layout-flow wp-block-column-is-layout-flow\">\n<h4 class=\"wp-block-heading\"><strong>INTELIGENCIA ARTIFICIAL EN EL NAVARRO VILLOSLADA<\/strong><\/h4>\n\n\n\n<p>\u00a1Nuestro centro vuelve a estar de enhorabuena! La Uni\u00f3n Europea nos ha concedido nuevamente a trav\u00e9s de su Agencia para la Internacionalizaci\u00f3n de la Educaci\u00f3n un nuevo proyecto Erasmus+.<\/p>\n\n\n\n<p>El proyecto \u201c<strong>BRAIINS: BRing AI In School<\/strong>\u201d tendr\u00e1 una duraci\u00f3n total de 3 cursos acad\u00e9micos (2020 \u2013 2023) y tiene como objetivo acercar los grandes temas de la Inteligencia Artificial al mundo de la educaci\u00f3n, explorando actividades did\u00e1cticas para iniciar al alumnado en su comprensi\u00f3n y manejo.<\/p>\n\n\n\n<p>El proyecto acaba de empezar y la primera actividad que se ha llevado a cabo ha sido el Concurso de Logos entre las escuelas participantes para encontrar el mejor logo que se ajuste al objetivo del proyecto.<\/p>\n\n\n\n<p>\u00c9ste es el logo ganador, realizado por un estudiante italiano.<\/p>\n\n\n\n<p>No obstante, nos enorgullecemos enormemente del trabajo realizado por nuestro alumnado de 4\u00ba (TIC y Pl\u00e1stica de SSBB) y nos gustar\u00eda daros la oportunidad de que pod\u00e1is ver todos ellos.<\/p>\n\n\n\n<p>Pod\u00e9is encontrarlos tanto en los corchos enfrente del pasillo de 2\u00ba como bajo estas l\u00edneas (pulsa sobre el nombre para verlo en grande).<\/p>\n\n\n\n<p>Tambi\u00e9n pod\u00e9is ver los dos montajes de v\u00eddeo realizados con las explicaciones que los y las autoras dan a sus logos.<\/p>\n<\/div>\n<\/div>\n\n\n\n<figure class=\"wp-block-gallery columns-5 wp-block-gallery-1 is-layout-flex wp-block-gallery-is-layout-flex\"><ul class=\"blocks-gallery-grid\"><li class=\"blocks-gallery-item\"><figure><img decoding=\"async\" width=\"1024\" height=\"576\" src=\"https:\/\/iesnavarrovilloslada.educacion.navarra.es\/web\/adn\/wp-content\/uploads\/sites\/4\/2020\/12\/Walid-1024x576.jpg\" alt=\"\" data-id=\"1081\" data-link=\"https:\/\/iesnavarrovilloslada.educacion.navarra.es\/web\/adn\/walid\/\" class=\"wp-image-1081\" srcset=\"https:\/\/iesnavarrovilloslada.educacion.navarra.es\/web\/adn\/wp-content\/uploads\/sites\/4\/2020\/12\/Walid-1024x576.jpg 1024w, https:\/\/iesnavarrovilloslada.educacion.navarra.es\/web\/adn\/wp-content\/uploads\/sites\/4\/2020\/12\/Walid-300x169.jpg 300w, https:\/\/iesnavarrovilloslada.educacion.navarra.es\/web\/adn\/wp-content\/uploads\/sites\/4\/2020\/12\/Walid-768x432.jpg 768w, https:\/\/iesnavarrovilloslada.educacion.navarra.es\/web\/adn\/wp-content\/uploads\/sites\/4\/2020\/12\/Walid.jpg 1439w\" sizes=\"(max-width: 1024px) 100vw, 1024px\" \/><figcaption class=\"blocks-gallery-item__caption\"><sup><sub><a href=\"https:\/\/drive.google.com\/file\/d\/1tDTsiG8Amw19u7YW07lUOLSQcxA_y7vY\/view\"><span style=\"color:#c5c5c5\" class=\"has-inline-color\">Walid Laanani<\/span><\/a><\/sub><\/sup><\/figcaption><\/figure><\/li><li class=\"blocks-gallery-item\"><figure><img decoding=\"async\" width=\"1024\" height=\"576\" src=\"https:\/\/iesnavarrovilloslada.educacion.navarra.es\/web\/adn\/wp-content\/uploads\/sites\/4\/2020\/12\/Victor-1024x576.png\" alt=\"\" data-id=\"1078\" data-link=\"https:\/\/iesnavarrovilloslada.educacion.navarra.es\/web\/adn\/victor\/\" class=\"wp-image-1078\" srcset=\"https:\/\/iesnavarrovilloslada.educacion.navarra.es\/web\/adn\/wp-content\/uploads\/sites\/4\/2020\/12\/Victor-1024x576.png 1024w, https:\/\/iesnavarrovilloslada.educacion.navarra.es\/web\/adn\/wp-content\/uploads\/sites\/4\/2020\/12\/Victor-300x169.png 300w, https:\/\/iesnavarrovilloslada.educacion.navarra.es\/web\/adn\/wp-content\/uploads\/sites\/4\/2020\/12\/Victor-768x432.png 768w, https:\/\/iesnavarrovilloslada.educacion.navarra.es\/web\/adn\/wp-content\/uploads\/sites\/4\/2020\/12\/Victor-1536x864.png 1536w, https:\/\/iesnavarrovilloslada.educacion.navarra.es\/web\/adn\/wp-content\/uploads\/sites\/4\/2020\/12\/Victor.png 1920w\" sizes=\"(max-width: 1024px) 100vw, 1024px\" \/><figcaption class=\"blocks-gallery-item__caption\"><sup><sub><a href=\"https:\/\/drive.google.com\/file\/d\/1U8MZBLxkVcXr1fTHWup0WUXUETCY7C1t\/view\"><span style=\"color:#c5c5c5\" class=\"has-inline-color\">V\u00edctor L\u00f3pez<\/span><\/a><\/sub><\/sup><\/figcaption><\/figure><\/li><li class=\"blocks-gallery-item\"><figure><img loading=\"lazy\" decoding=\"async\" width=\"576\" height=\"1024\" src=\"https:\/\/iesnavarrovilloslada.educacion.navarra.es\/web\/adn\/wp-content\/uploads\/sites\/4\/2020\/12\/Valentina-Maza-Cuello_2-576x1024.jpg\" alt=\"\" data-id=\"1100\" data-link=\"https:\/\/iesnavarrovilloslada.educacion.navarra.es\/web\/adn\/valentina-maza-cuello_2\/\" class=\"wp-image-1100\" srcset=\"https:\/\/iesnavarrovilloslada.educacion.navarra.es\/web\/adn\/wp-content\/uploads\/sites\/4\/2020\/12\/Valentina-Maza-Cuello_2-576x1024.jpg 576w, https:\/\/iesnavarrovilloslada.educacion.navarra.es\/web\/adn\/wp-content\/uploads\/sites\/4\/2020\/12\/Valentina-Maza-Cuello_2-169x300.jpg 169w, https:\/\/iesnavarrovilloslada.educacion.navarra.es\/web\/adn\/wp-content\/uploads\/sites\/4\/2020\/12\/Valentina-Maza-Cuello_2-768x1365.jpg 768w, https:\/\/iesnavarrovilloslada.educacion.navarra.es\/web\/adn\/wp-content\/uploads\/sites\/4\/2020\/12\/Valentina-Maza-Cuello_2-864x1536.jpg 864w, https:\/\/iesnavarrovilloslada.educacion.navarra.es\/web\/adn\/wp-content\/uploads\/sites\/4\/2020\/12\/Valentina-Maza-Cuello_2.jpg 1080w\" sizes=\"(max-width: 576px) 100vw, 576px\" \/><figcaption class=\"blocks-gallery-item__caption\"><a href=\"https:\/\/drive.google.com\/file\/d\/13CqbMUTV_I4JhXIpv-5Njwio4eVeRQkj\/view?usp=sharing\"><sub><sup><span style=\"color:#c5c5c5\" class=\"has-inline-color\">Valentina Maza <\/span><\/sup><\/sub><\/a><\/figcaption><\/figure><\/li><li class=\"blocks-gallery-item\"><figure><img loading=\"lazy\" decoding=\"async\" width=\"576\" height=\"1024\" src=\"https:\/\/iesnavarrovilloslada.educacion.navarra.es\/web\/adn\/wp-content\/uploads\/sites\/4\/2020\/12\/Valentina-Maza-Cuello_1-576x1024.jpg\" alt=\"\" data-id=\"1099\" data-link=\"https:\/\/iesnavarrovilloslada.educacion.navarra.es\/web\/adn\/valentina-maza-cuello_1\/\" class=\"wp-image-1099\" srcset=\"https:\/\/iesnavarrovilloslada.educacion.navarra.es\/web\/adn\/wp-content\/uploads\/sites\/4\/2020\/12\/Valentina-Maza-Cuello_1-576x1024.jpg 576w, https:\/\/iesnavarrovilloslada.educacion.navarra.es\/web\/adn\/wp-content\/uploads\/sites\/4\/2020\/12\/Valentina-Maza-Cuello_1-169x300.jpg 169w, https:\/\/iesnavarrovilloslada.educacion.navarra.es\/web\/adn\/wp-content\/uploads\/sites\/4\/2020\/12\/Valentina-Maza-Cuello_1-768x1365.jpg 768w, https:\/\/iesnavarrovilloslada.educacion.navarra.es\/web\/adn\/wp-content\/uploads\/sites\/4\/2020\/12\/Valentina-Maza-Cuello_1-864x1536.jpg 864w, https:\/\/iesnavarrovilloslada.educacion.navarra.es\/web\/adn\/wp-content\/uploads\/sites\/4\/2020\/12\/Valentina-Maza-Cuello_1.jpg 1080w\" sizes=\"(max-width: 576px) 100vw, 576px\" \/><figcaption class=\"blocks-gallery-item__caption\"><a href=\"https:\/\/drive.google.com\/file\/d\/1LcIY7UdIySOKqCrHB55lGFkh-5FG5Uum\/view?usp=sharing\"><sub><sup><span style=\"color:#c5c5c5\" class=\"has-inline-color\">Valentina Maza <\/span><\/sup><\/sub><\/a><\/figcaption><\/figure><\/li><li class=\"blocks-gallery-item\"><figure><img loading=\"lazy\" decoding=\"async\" width=\"1024\" height=\"680\" src=\"https:\/\/iesnavarrovilloslada.educacion.navarra.es\/web\/adn\/wp-content\/uploads\/sites\/4\/2020\/12\/Sofia-1024x680.png\" alt=\"\" data-id=\"1077\" data-link=\"https:\/\/iesnavarrovilloslada.educacion.navarra.es\/web\/adn\/sofia\/\" class=\"wp-image-1077\" srcset=\"https:\/\/iesnavarrovilloslada.educacion.navarra.es\/web\/adn\/wp-content\/uploads\/sites\/4\/2020\/12\/Sofia-1024x680.png 1024w, https:\/\/iesnavarrovilloslada.educacion.navarra.es\/web\/adn\/wp-content\/uploads\/sites\/4\/2020\/12\/Sofia-300x199.png 300w, https:\/\/iesnavarrovilloslada.educacion.navarra.es\/web\/adn\/wp-content\/uploads\/sites\/4\/2020\/12\/Sofia-768x510.png 768w, https:\/\/iesnavarrovilloslada.educacion.navarra.es\/web\/adn\/wp-content\/uploads\/sites\/4\/2020\/12\/Sofia.png 1280w\" sizes=\"(max-width: 1024px) 100vw, 1024px\" \/><figcaption class=\"blocks-gallery-item__caption\"><a href=\"https:\/\/drive.google.com\/file\/d\/1Dr-COTWRYbsyt3enaL44E2lGY8dXivbz\/view?usp=sharing\"><sub><sup><span style=\"color:#c5c5c5\" class=\"has-inline-color\">Sof\u00eda Rotari<\/span><\/sup><\/sub><\/a><\/figcaption><\/figure><\/li><li class=\"blocks-gallery-item\"><figure><img loading=\"lazy\" decoding=\"async\" width=\"561\" height=\"359\" src=\"https:\/\/iesnavarrovilloslada.educacion.navarra.es\/web\/adn\/wp-content\/uploads\/sites\/4\/2020\/12\/Sisha-Ramirez.png\" alt=\"\" data-id=\"1106\" data-link=\"https:\/\/iesnavarrovilloslada.educacion.navarra.es\/web\/adn\/sisha-ramirez\/\" class=\"wp-image-1106\" srcset=\"https:\/\/iesnavarrovilloslada.educacion.navarra.es\/web\/adn\/wp-content\/uploads\/sites\/4\/2020\/12\/Sisha-Ramirez.png 561w, https:\/\/iesnavarrovilloslada.educacion.navarra.es\/web\/adn\/wp-content\/uploads\/sites\/4\/2020\/12\/Sisha-Ramirez-300x192.png 300w\" sizes=\"(max-width: 561px) 100vw, 561px\" \/><figcaption class=\"blocks-gallery-item__caption\"><a href=\"https:\/\/drive.google.com\/file\/d\/1Uf0rshEKLXN-Ef_8ZddfRIPsaUcsrHuF\/view?usp=sharing\"><sub><sup><span style=\"color:#c5c5c5\" class=\"has-inline-color\">Sisha  Ram\u00edrez <\/span><\/sup><\/sub><\/a><\/figcaption><\/figure><\/li><li class=\"blocks-gallery-item\"><figure><img loading=\"lazy\" decoding=\"async\" width=\"1024\" height=\"683\" src=\"https:\/\/iesnavarrovilloslada.educacion.navarra.es\/web\/adn\/wp-content\/uploads\/sites\/4\/2020\/12\/Sara-1024x683.png\" alt=\"\" data-id=\"1076\" data-link=\"https:\/\/iesnavarrovilloslada.educacion.navarra.es\/web\/adn\/sara\/\" class=\"wp-image-1076\" srcset=\"https:\/\/iesnavarrovilloslada.educacion.navarra.es\/web\/adn\/wp-content\/uploads\/sites\/4\/2020\/12\/Sara-1024x683.png 1024w, https:\/\/iesnavarrovilloslada.educacion.navarra.es\/web\/adn\/wp-content\/uploads\/sites\/4\/2020\/12\/Sara-300x200.png 300w, https:\/\/iesnavarrovilloslada.educacion.navarra.es\/web\/adn\/wp-content\/uploads\/sites\/4\/2020\/12\/Sara-768x512.png 768w, https:\/\/iesnavarrovilloslada.educacion.navarra.es\/web\/adn\/wp-content\/uploads\/sites\/4\/2020\/12\/Sara.png 1200w\" sizes=\"(max-width: 1024px) 100vw, 1024px\" \/><figcaption class=\"blocks-gallery-item__caption\"><a href=\"https:\/\/drive.google.com\/file\/d\/1yaoRtzxvcMUyV1mLeXvYvKL6rqcjh82L\/view?usp=sharing\"><sub><sup><span style=\"color:#c5c5c5\" class=\"has-inline-color\">Sara Vel\u00e1zquez<\/span><\/sup><\/sub><\/a><\/figcaption><\/figure><\/li><li class=\"blocks-gallery-item\"><figure><img loading=\"lazy\" decoding=\"async\" width=\"564\" height=\"355\" src=\"https:\/\/iesnavarrovilloslada.educacion.navarra.es\/web\/adn\/wp-content\/uploads\/sites\/4\/2020\/12\/Sara-Zamora-O.png\" alt=\"\" data-id=\"1114\" data-link=\"https:\/\/iesnavarrovilloslada.educacion.navarra.es\/web\/adn\/sara-zamora-o\/\" class=\"wp-image-1114\" srcset=\"https:\/\/iesnavarrovilloslada.educacion.navarra.es\/web\/adn\/wp-content\/uploads\/sites\/4\/2020\/12\/Sara-Zamora-O.png 564w, https:\/\/iesnavarrovilloslada.educacion.navarra.es\/web\/adn\/wp-content\/uploads\/sites\/4\/2020\/12\/Sara-Zamora-O-300x189.png 300w\" sizes=\"(max-width: 564px) 100vw, 564px\" \/><figcaption class=\"blocks-gallery-item__caption\"><a href=\"https:\/\/drive.google.com\/file\/d\/1-nbWKPJX5anojjk09gqjC8CKwukURWlc\/view?usp=sharing\"><sub><sup><span style=\"color:#c5c5c5\" class=\"has-inline-color\">Sara Zamora <\/span><\/sup><\/sub><\/a><\/figcaption><\/figure><\/li><li class=\"blocks-gallery-item\"><figure><img loading=\"lazy\" decoding=\"async\" width=\"800\" height=\"600\" src=\"https:\/\/iesnavarrovilloslada.educacion.navarra.es\/web\/adn\/wp-content\/uploads\/sites\/4\/2020\/12\/Paula.png\" alt=\"\" data-id=\"1075\" data-link=\"https:\/\/iesnavarrovilloslada.educacion.navarra.es\/web\/adn\/paula\/\" class=\"wp-image-1075\" srcset=\"https:\/\/iesnavarrovilloslada.educacion.navarra.es\/web\/adn\/wp-content\/uploads\/sites\/4\/2020\/12\/Paula.png 800w, https:\/\/iesnavarrovilloslada.educacion.navarra.es\/web\/adn\/wp-content\/uploads\/sites\/4\/2020\/12\/Paula-300x225.png 300w, https:\/\/iesnavarrovilloslada.educacion.navarra.es\/web\/adn\/wp-content\/uploads\/sites\/4\/2020\/12\/Paula-768x576.png 768w\" sizes=\"(max-width: 800px) 100vw, 800px\" \/><figcaption class=\"blocks-gallery-item__caption\"><a href=\"https:\/\/drive.google.com\/file\/d\/1TErRZZ7jbM1UugBaHZyYE0Hfjhq3Sh8u\/view?usp=sharing\"><sub><sup><span style=\"color:#c5c5c5\" class=\"has-inline-color\">Paula Adronic<\/span><\/sup><\/sub><\/a><\/figcaption><\/figure><\/li><li class=\"blocks-gallery-item\"><figure><img loading=\"lazy\" decoding=\"async\" width=\"450\" height=\"450\" src=\"https:\/\/iesnavarrovilloslada.educacion.navarra.es\/web\/adn\/wp-content\/uploads\/sites\/4\/2020\/12\/Paula-B.png\" alt=\"\" data-id=\"1074\" data-link=\"https:\/\/iesnavarrovilloslada.educacion.navarra.es\/web\/adn\/paula-b\/\" class=\"wp-image-1074\" srcset=\"https:\/\/iesnavarrovilloslada.educacion.navarra.es\/web\/adn\/wp-content\/uploads\/sites\/4\/2020\/12\/Paula-B.png 450w, https:\/\/iesnavarrovilloslada.educacion.navarra.es\/web\/adn\/wp-content\/uploads\/sites\/4\/2020\/12\/Paula-B-300x300.png 300w, https:\/\/iesnavarrovilloslada.educacion.navarra.es\/web\/adn\/wp-content\/uploads\/sites\/4\/2020\/12\/Paula-B-150x150.png 150w, https:\/\/iesnavarrovilloslada.educacion.navarra.es\/web\/adn\/wp-content\/uploads\/sites\/4\/2020\/12\/Paula-B-100x100.png 100w\" sizes=\"(max-width: 450px) 100vw, 450px\" \/><figcaption class=\"blocks-gallery-item__caption\"><a href=\"https:\/\/drive.google.com\/file\/d\/1hLIaYpffa7Cd24H8HwKB4oEipGvsCkLW\/view?usp=sharing\"><sub><sup><span style=\"color:#c5c5c5\" class=\"has-inline-color\">Paula Baigorri<\/span><\/sup><\/sub><\/a><\/figcaption><\/figure><\/li><li class=\"blocks-gallery-item\"><figure><img loading=\"lazy\" decoding=\"async\" width=\"1024\" height=\"682\" src=\"https:\/\/iesnavarrovilloslada.educacion.navarra.es\/web\/adn\/wp-content\/uploads\/sites\/4\/2020\/12\/Pablo-I2-1024x682.jpg\" alt=\"\" data-id=\"1073\" data-link=\"https:\/\/iesnavarrovilloslada.educacion.navarra.es\/web\/adn\/pablo-i2\/\" class=\"wp-image-1073\" srcset=\"https:\/\/iesnavarrovilloslada.educacion.navarra.es\/web\/adn\/wp-content\/uploads\/sites\/4\/2020\/12\/Pablo-I2-1024x682.jpg 1024w, https:\/\/iesnavarrovilloslada.educacion.navarra.es\/web\/adn\/wp-content\/uploads\/sites\/4\/2020\/12\/Pablo-I2-300x200.jpg 300w, https:\/\/iesnavarrovilloslada.educacion.navarra.es\/web\/adn\/wp-content\/uploads\/sites\/4\/2020\/12\/Pablo-I2-768x512.jpg 768w, https:\/\/iesnavarrovilloslada.educacion.navarra.es\/web\/adn\/wp-content\/uploads\/sites\/4\/2020\/12\/Pablo-I2.jpg 1280w\" sizes=\"(max-width: 1024px) 100vw, 1024px\" \/><figcaption class=\"blocks-gallery-item__caption\"><sup><sub><a href=\"https:\/\/drive.google.com\/file\/d\/1FtAm5kdNwqG5bBVfXgGB5MfB9PZ-dp_y\/view?usp=sharing\"><span style=\"color:#c5c5c5\" class=\"has-inline-color\">Pablo Iba\u00f1e<\/span><\/a><\/sub><\/sup><a href=\"https:\/\/drive.google.com\/file\/d\/1FtAm5kdNwqG5bBVfXgGB5MfB9PZ-dp_y\/view?usp=sharing\"><sup><sub><span style=\"color:#c5c5c5\" class=\"has-inline-color\">z<\/span><\/sub><\/sup><\/a><\/figcaption><\/figure><\/li><li class=\"blocks-gallery-item\"><figure><img loading=\"lazy\" decoding=\"async\" width=\"1024\" height=\"1024\" src=\"https:\/\/iesnavarrovilloslada.educacion.navarra.es\/web\/adn\/wp-content\/uploads\/sites\/4\/2020\/12\/Pablo-I-1024x1024.jpg\" alt=\"\" data-id=\"1072\" data-link=\"https:\/\/iesnavarrovilloslada.educacion.navarra.es\/web\/adn\/pablo-i\/\" class=\"wp-image-1072\" srcset=\"https:\/\/iesnavarrovilloslada.educacion.navarra.es\/web\/adn\/wp-content\/uploads\/sites\/4\/2020\/12\/Pablo-I-1024x1024.jpg 1024w, https:\/\/iesnavarrovilloslada.educacion.navarra.es\/web\/adn\/wp-content\/uploads\/sites\/4\/2020\/12\/Pablo-I-300x300.jpg 300w, https:\/\/iesnavarrovilloslada.educacion.navarra.es\/web\/adn\/wp-content\/uploads\/sites\/4\/2020\/12\/Pablo-I-150x150.jpg 150w, https:\/\/iesnavarrovilloslada.educacion.navarra.es\/web\/adn\/wp-content\/uploads\/sites\/4\/2020\/12\/Pablo-I-768x768.jpg 768w, https:\/\/iesnavarrovilloslada.educacion.navarra.es\/web\/adn\/wp-content\/uploads\/sites\/4\/2020\/12\/Pablo-I-100x100.jpg 100w, https:\/\/iesnavarrovilloslada.educacion.navarra.es\/web\/adn\/wp-content\/uploads\/sites\/4\/2020\/12\/Pablo-I.jpg 1080w\" sizes=\"(max-width: 1024px) 100vw, 1024px\" \/><figcaption class=\"blocks-gallery-item__caption\"><a href=\"https:\/\/drive.google.com\/file\/d\/1BQqkiO3-MDP9tVYTGH1nOasico0_o2Zs\/view?usp=sharing\"><sup><sub><span style=\"color:#c5c5c5\" class=\"has-inline-color\">Pablo Ib\u00e1\u00f1ez<\/span><\/sub><\/sup><\/a><\/figcaption><\/figure><\/li><li class=\"blocks-gallery-item\"><figure><img loading=\"lazy\" decoding=\"async\" width=\"800\" height=\"600\" src=\"https:\/\/iesnavarrovilloslada.educacion.navarra.es\/web\/adn\/wp-content\/uploads\/sites\/4\/2020\/12\/Nicolas.png\" alt=\"\" data-id=\"1071\" data-link=\"https:\/\/iesnavarrovilloslada.educacion.navarra.es\/web\/adn\/nicolas\/\" class=\"wp-image-1071\" srcset=\"https:\/\/iesnavarrovilloslada.educacion.navarra.es\/web\/adn\/wp-content\/uploads\/sites\/4\/2020\/12\/Nicolas.png 800w, https:\/\/iesnavarrovilloslada.educacion.navarra.es\/web\/adn\/wp-content\/uploads\/sites\/4\/2020\/12\/Nicolas-300x225.png 300w, https:\/\/iesnavarrovilloslada.educacion.navarra.es\/web\/adn\/wp-content\/uploads\/sites\/4\/2020\/12\/Nicolas-768x576.png 768w\" sizes=\"(max-width: 800px) 100vw, 800px\" \/><figcaption class=\"blocks-gallery-item__caption\"><a href=\"https:\/\/drive.google.com\/file\/d\/1fe7Y1b3D9sH8bKn79y746xpS-MwXviKI\/view?usp=sharing\"><sup><sub><span style=\"color:#c5c5c5\" class=\"has-inline-color\">Nicol\u00e1s Bernal<\/span><\/sub><\/sup><\/a><\/figcaption><\/figure><\/li><li class=\"blocks-gallery-item\"><figure><img loading=\"lazy\" decoding=\"async\" width=\"1024\" height=\"576\" src=\"https:\/\/iesnavarrovilloslada.educacion.navarra.es\/web\/adn\/wp-content\/uploads\/sites\/4\/2020\/12\/Nahia-G-2-1024x576.png\" alt=\"\" data-id=\"1070\" data-link=\"https:\/\/iesnavarrovilloslada.educacion.navarra.es\/web\/adn\/nahia-g-2\/\" class=\"wp-image-1070\" srcset=\"https:\/\/iesnavarrovilloslada.educacion.navarra.es\/web\/adn\/wp-content\/uploads\/sites\/4\/2020\/12\/Nahia-G-2-1024x576.png 1024w, https:\/\/iesnavarrovilloslada.educacion.navarra.es\/web\/adn\/wp-content\/uploads\/sites\/4\/2020\/12\/Nahia-G-2-300x169.png 300w, https:\/\/iesnavarrovilloslada.educacion.navarra.es\/web\/adn\/wp-content\/uploads\/sites\/4\/2020\/12\/Nahia-G-2-768x432.png 768w, https:\/\/iesnavarrovilloslada.educacion.navarra.es\/web\/adn\/wp-content\/uploads\/sites\/4\/2020\/12\/Nahia-G-2-1536x864.png 1536w, https:\/\/iesnavarrovilloslada.educacion.navarra.es\/web\/adn\/wp-content\/uploads\/sites\/4\/2020\/12\/Nahia-G-2.png 1920w\" sizes=\"(max-width: 1024px) 100vw, 1024px\" \/><figcaption class=\"blocks-gallery-item__caption\"><a href=\"https:\/\/drive.google.com\/file\/d\/1nY2tasSmYALeGQY8YUhohwBR53LxTHkC\/view?usp=sharing\"><sup><sub><span style=\"color:#c5c5c5\" class=\"has-inline-color\">Nahia Garc\u00eda<\/span><\/sub><\/sup><\/a><\/figcaption><\/figure><\/li><li class=\"blocks-gallery-item\"><figure><img loading=\"lazy\" decoding=\"async\" width=\"1024\" height=\"1024\" src=\"https:\/\/iesnavarrovilloslada.educacion.navarra.es\/web\/adn\/wp-content\/uploads\/sites\/4\/2020\/12\/Nahia-G-1-1024x1024.png\" alt=\"\" data-id=\"1069\" data-link=\"https:\/\/iesnavarrovilloslada.educacion.navarra.es\/web\/adn\/nahia-g-1\/\" class=\"wp-image-1069\" srcset=\"https:\/\/iesnavarrovilloslada.educacion.navarra.es\/web\/adn\/wp-content\/uploads\/sites\/4\/2020\/12\/Nahia-G-1-1024x1024.png 1024w, https:\/\/iesnavarrovilloslada.educacion.navarra.es\/web\/adn\/wp-content\/uploads\/sites\/4\/2020\/12\/Nahia-G-1-300x300.png 300w, https:\/\/iesnavarrovilloslada.educacion.navarra.es\/web\/adn\/wp-content\/uploads\/sites\/4\/2020\/12\/Nahia-G-1-150x150.png 150w, https:\/\/iesnavarrovilloslada.educacion.navarra.es\/web\/adn\/wp-content\/uploads\/sites\/4\/2020\/12\/Nahia-G-1-768x768.png 768w, https:\/\/iesnavarrovilloslada.educacion.navarra.es\/web\/adn\/wp-content\/uploads\/sites\/4\/2020\/12\/Nahia-G-1-1536x1536.png 1536w, https:\/\/iesnavarrovilloslada.educacion.navarra.es\/web\/adn\/wp-content\/uploads\/sites\/4\/2020\/12\/Nahia-G-1-100x100.png 100w, https:\/\/iesnavarrovilloslada.educacion.navarra.es\/web\/adn\/wp-content\/uploads\/sites\/4\/2020\/12\/Nahia-G-1.png 1920w\" sizes=\"(max-width: 1024px) 100vw, 1024px\" \/><figcaption class=\"blocks-gallery-item__caption\"><a href=\"https:\/\/drive.google.com\/file\/d\/1negoZjfnFej3fLgBodscRl5zZcPpdjxO\/view?usp=sharing\"><sub><sup><span style=\"color:#c5c5c5\" class=\"has-inline-color\">Nahia Garc\u00eda<\/span><\/sup><\/sub><\/a><\/figcaption><\/figure><\/li><li class=\"blocks-gallery-item\"><figure><img loading=\"lazy\" decoding=\"async\" width=\"1024\" height=\"396\" src=\"https:\/\/iesnavarrovilloslada.educacion.navarra.es\/web\/adn\/wp-content\/uploads\/sites\/4\/2020\/12\/Marti-1024x396.png\" alt=\"\" data-id=\"1068\" data-link=\"https:\/\/iesnavarrovilloslada.educacion.navarra.es\/web\/adn\/marti\/\" class=\"wp-image-1068\" srcset=\"https:\/\/iesnavarrovilloslada.educacion.navarra.es\/web\/adn\/wp-content\/uploads\/sites\/4\/2020\/12\/Marti-1024x396.png 1024w, https:\/\/iesnavarrovilloslada.educacion.navarra.es\/web\/adn\/wp-content\/uploads\/sites\/4\/2020\/12\/Marti-300x116.png 300w, https:\/\/iesnavarrovilloslada.educacion.navarra.es\/web\/adn\/wp-content\/uploads\/sites\/4\/2020\/12\/Marti-768x297.png 768w, https:\/\/iesnavarrovilloslada.educacion.navarra.es\/web\/adn\/wp-content\/uploads\/sites\/4\/2020\/12\/Marti.png 1241w\" sizes=\"(max-width: 1024px) 100vw, 1024px\" \/><figcaption class=\"blocks-gallery-item__caption\"><a href=\"https:\/\/drive.google.com\/file\/d\/1Pj_iiPLuRz23z-J03oAybx0Qtp0WpOYN\/view?usp=sharing\"><sup><sub><span style=\"color:#c5c5c5\" class=\"has-inline-color\">Marti Kamenov<\/span><\/sub><\/sup><\/a><\/figcaption><\/figure><\/li><li class=\"blocks-gallery-item\"><figure><img loading=\"lazy\" decoding=\"async\" width=\"1024\" height=\"576\" src=\"https:\/\/iesnavarrovilloslada.educacion.navarra.es\/web\/adn\/wp-content\/uploads\/sites\/4\/2020\/12\/Maniana-1024x576.jpg\" alt=\"\" data-id=\"1080\" data-link=\"https:\/\/iesnavarrovilloslada.educacion.navarra.es\/web\/adn\/maniana\/\" class=\"wp-image-1080\" srcset=\"https:\/\/iesnavarrovilloslada.educacion.navarra.es\/web\/adn\/wp-content\/uploads\/sites\/4\/2020\/12\/Maniana-1024x576.jpg 1024w, https:\/\/iesnavarrovilloslada.educacion.navarra.es\/web\/adn\/wp-content\/uploads\/sites\/4\/2020\/12\/Maniana-300x169.jpg 300w, https:\/\/iesnavarrovilloslada.educacion.navarra.es\/web\/adn\/wp-content\/uploads\/sites\/4\/2020\/12\/Maniana-768x432.jpg 768w, https:\/\/iesnavarrovilloslada.educacion.navarra.es\/web\/adn\/wp-content\/uploads\/sites\/4\/2020\/12\/Maniana.jpg 1440w\" sizes=\"(max-width: 1024px) 100vw, 1024px\" \/><figcaption class=\"blocks-gallery-item__caption\"><a href=\"https:\/\/drive.google.com\/file\/d\/1pr0pKnU5xAamNq9Rr_ceBint9L4hz6Xf\/view?usp=sharing\"><sub><sup><span style=\"color:#c5c5c5\" class=\"has-inline-color\">Mariana Dranga<\/span><\/sup><\/sub><\/a><\/figcaption><\/figure><\/li><li class=\"blocks-gallery-item\"><figure><img loading=\"lazy\" decoding=\"async\" width=\"850\" height=\"1024\" src=\"https:\/\/iesnavarrovilloslada.educacion.navarra.es\/web\/adn\/wp-content\/uploads\/sites\/4\/2020\/12\/Lucia-S-850x1024.png\" alt=\"\" data-id=\"1066\" data-link=\"https:\/\/iesnavarrovilloslada.educacion.navarra.es\/web\/adn\/lucia-s\/\" class=\"wp-image-1066\" srcset=\"https:\/\/iesnavarrovilloslada.educacion.navarra.es\/web\/adn\/wp-content\/uploads\/sites\/4\/2020\/12\/Lucia-S-850x1024.png 850w, https:\/\/iesnavarrovilloslada.educacion.navarra.es\/web\/adn\/wp-content\/uploads\/sites\/4\/2020\/12\/Lucia-S-249x300.png 249w, https:\/\/iesnavarrovilloslada.educacion.navarra.es\/web\/adn\/wp-content\/uploads\/sites\/4\/2020\/12\/Lucia-S-768x925.png 768w, https:\/\/iesnavarrovilloslada.educacion.navarra.es\/web\/adn\/wp-content\/uploads\/sites\/4\/2020\/12\/Lucia-S.png 1067w\" sizes=\"(max-width: 850px) 100vw, 850px\" \/><figcaption class=\"blocks-gallery-item__caption\"><a href=\"https:\/\/drive.google.com\/file\/d\/1kl80nTkwTHXjo0GFjngCxnG4Xu4W99Cn\/view?usp=sharing\"><sub><sup><span style=\"color:#c5c5c5\" class=\"has-inline-color\">Luc\u00eda S\u00e1nchez<\/span><\/sup><\/sub><\/a><\/figcaption><\/figure><\/li><li class=\"blocks-gallery-item\"><figure><img loading=\"lazy\" decoding=\"async\" width=\"1024\" height=\"965\" src=\"https:\/\/iesnavarrovilloslada.educacion.navarra.es\/web\/adn\/wp-content\/uploads\/sites\/4\/2020\/12\/Lucas-S-1024x965.png\" alt=\"\" data-id=\"1065\" data-link=\"https:\/\/iesnavarrovilloslada.educacion.navarra.es\/web\/adn\/lucas-s\/\" class=\"wp-image-1065\" srcset=\"https:\/\/iesnavarrovilloslada.educacion.navarra.es\/web\/adn\/wp-content\/uploads\/sites\/4\/2020\/12\/Lucas-S-1024x965.png 1024w, https:\/\/iesnavarrovilloslada.educacion.navarra.es\/web\/adn\/wp-content\/uploads\/sites\/4\/2020\/12\/Lucas-S-300x283.png 300w, https:\/\/iesnavarrovilloslada.educacion.navarra.es\/web\/adn\/wp-content\/uploads\/sites\/4\/2020\/12\/Lucas-S-768x724.png 768w, https:\/\/iesnavarrovilloslada.educacion.navarra.es\/web\/adn\/wp-content\/uploads\/sites\/4\/2020\/12\/Lucas-S.png 1146w\" sizes=\"(max-width: 1024px) 100vw, 1024px\" \/><figcaption class=\"blocks-gallery-item__caption\"><a href=\"https:\/\/drive.google.com\/file\/d\/1qxo4Cefoayz9wU3mFC68Kgdcjsx5B-Gn\/view?usp=sharing\"><sub><sup><span style=\"color:#c5c5c5\" class=\"has-inline-color\">Lucas S\u00e1nchez<\/span><\/sup><\/sub><\/a><\/figcaption><\/figure><\/li><li class=\"blocks-gallery-item\"><figure><img loading=\"lazy\" decoding=\"async\" width=\"1024\" height=\"768\" src=\"https:\/\/iesnavarrovilloslada.educacion.navarra.es\/web\/adn\/wp-content\/uploads\/sites\/4\/2020\/12\/Lorena-Ruiz-Cascante_3-1024x768.jpg\" alt=\"\" data-id=\"1096\" data-link=\"https:\/\/iesnavarrovilloslada.educacion.navarra.es\/web\/adn\/lorena-ruiz-cascante_3\/\" class=\"wp-image-1096\" srcset=\"https:\/\/iesnavarrovilloslada.educacion.navarra.es\/web\/adn\/wp-content\/uploads\/sites\/4\/2020\/12\/Lorena-Ruiz-Cascante_3-1024x768.jpg 1024w, https:\/\/iesnavarrovilloslada.educacion.navarra.es\/web\/adn\/wp-content\/uploads\/sites\/4\/2020\/12\/Lorena-Ruiz-Cascante_3-300x225.jpg 300w, https:\/\/iesnavarrovilloslada.educacion.navarra.es\/web\/adn\/wp-content\/uploads\/sites\/4\/2020\/12\/Lorena-Ruiz-Cascante_3-768x576.jpg 768w, https:\/\/iesnavarrovilloslada.educacion.navarra.es\/web\/adn\/wp-content\/uploads\/sites\/4\/2020\/12\/Lorena-Ruiz-Cascante_3-1536x1152.jpg 1536w, https:\/\/iesnavarrovilloslada.educacion.navarra.es\/web\/adn\/wp-content\/uploads\/sites\/4\/2020\/12\/Lorena-Ruiz-Cascante_3.jpg 2048w\" sizes=\"(max-width: 1024px) 100vw, 1024px\" \/><figcaption class=\"blocks-gallery-item__caption\"><em><a href=\"https:\/\/drive.google.com\/file\/d\/13ulrJV8WjDa2v0H9t6dLPOijVlMt4xcq\/view?usp=sharing\"><sub><sup><span style=\"color:#c5c5c5\" class=\"has-inline-color\">Lorena Cascante<\/span><\/sup><\/sub><\/a><\/em><\/figcaption><\/figure><\/li><li class=\"blocks-gallery-item\"><figure><img loading=\"lazy\" decoding=\"async\" width=\"1024\" height=\"768\" src=\"https:\/\/iesnavarrovilloslada.educacion.navarra.es\/web\/adn\/wp-content\/uploads\/sites\/4\/2020\/12\/Lorena-Ruiz-Cascante_2-1024x768.png\" alt=\"\" data-id=\"1095\" data-link=\"https:\/\/iesnavarrovilloslada.educacion.navarra.es\/web\/adn\/lorena-ruiz-cascante_2\/\" class=\"wp-image-1095\" srcset=\"https:\/\/iesnavarrovilloslada.educacion.navarra.es\/web\/adn\/wp-content\/uploads\/sites\/4\/2020\/12\/Lorena-Ruiz-Cascante_2-1024x768.png 1024w, https:\/\/iesnavarrovilloslada.educacion.navarra.es\/web\/adn\/wp-content\/uploads\/sites\/4\/2020\/12\/Lorena-Ruiz-Cascante_2-300x225.png 300w, https:\/\/iesnavarrovilloslada.educacion.navarra.es\/web\/adn\/wp-content\/uploads\/sites\/4\/2020\/12\/Lorena-Ruiz-Cascante_2-768x576.png 768w, https:\/\/iesnavarrovilloslada.educacion.navarra.es\/web\/adn\/wp-content\/uploads\/sites\/4\/2020\/12\/Lorena-Ruiz-Cascante_2-1536x1152.png 1536w, https:\/\/iesnavarrovilloslada.educacion.navarra.es\/web\/adn\/wp-content\/uploads\/sites\/4\/2020\/12\/Lorena-Ruiz-Cascante_2.png 2048w\" sizes=\"(max-width: 1024px) 100vw, 1024px\" \/><figcaption class=\"blocks-gallery-item__caption\"><a href=\"https:\/\/drive.google.com\/file\/d\/1X6NEPrk2I4_bkxg8Pxx9wm5l89-eNAcJ\/view?usp=sharing\"><sub><sup><span style=\"color:#c5c5c5\" class=\"has-inline-color\">Lorena Cascante<\/span><\/sup><\/sub><\/a><\/figcaption><\/figure><\/li><li class=\"blocks-gallery-item\"><figure><img loading=\"lazy\" decoding=\"async\" width=\"1024\" height=\"768\" src=\"https:\/\/iesnavarrovilloslada.educacion.navarra.es\/web\/adn\/wp-content\/uploads\/sites\/4\/2020\/12\/Lorena-Ruiz-Cascante_1-1024x768.jpg\" alt=\"\" data-id=\"1094\" data-link=\"https:\/\/iesnavarrovilloslada.educacion.navarra.es\/web\/adn\/lorena-ruiz-cascante_1\/\" class=\"wp-image-1094\" srcset=\"https:\/\/iesnavarrovilloslada.educacion.navarra.es\/web\/adn\/wp-content\/uploads\/sites\/4\/2020\/12\/Lorena-Ruiz-Cascante_1-1024x768.jpg 1024w, https:\/\/iesnavarrovilloslada.educacion.navarra.es\/web\/adn\/wp-content\/uploads\/sites\/4\/2020\/12\/Lorena-Ruiz-Cascante_1-300x225.jpg 300w, https:\/\/iesnavarrovilloslada.educacion.navarra.es\/web\/adn\/wp-content\/uploads\/sites\/4\/2020\/12\/Lorena-Ruiz-Cascante_1-768x576.jpg 768w, https:\/\/iesnavarrovilloslada.educacion.navarra.es\/web\/adn\/wp-content\/uploads\/sites\/4\/2020\/12\/Lorena-Ruiz-Cascante_1-1536x1152.jpg 1536w, https:\/\/iesnavarrovilloslada.educacion.navarra.es\/web\/adn\/wp-content\/uploads\/sites\/4\/2020\/12\/Lorena-Ruiz-Cascante_1.jpg 2048w\" sizes=\"(max-width: 1024px) 100vw, 1024px\" \/><figcaption class=\"blocks-gallery-item__caption\"><em><a href=\"https:\/\/drive.google.com\/file\/d\/1xAek6q1i3sT3BrYhv-kZvkNcbjOR4Zui\/view?usp=sharing\"><sub><sup><span style=\"color:#c5c5c5\" class=\"has-inline-color\">Lorena  Cascante<\/span><\/sup><\/sub><\/a><\/em><\/figcaption><\/figure><\/li><li class=\"blocks-gallery-item\"><figure><img loading=\"lazy\" decoding=\"async\" width=\"1024\" height=\"640\" src=\"https:\/\/iesnavarrovilloslada.educacion.navarra.es\/web\/adn\/wp-content\/uploads\/sites\/4\/2020\/12\/LOGO1_Ainhoa-Lahoz-Cea-1024x640.png\" alt=\"\" data-id=\"1103\" data-link=\"https:\/\/iesnavarrovilloslada.educacion.navarra.es\/web\/adn\/logo1_ainhoa-lahoz-cea\/\" class=\"wp-image-1103\" srcset=\"https:\/\/iesnavarrovilloslada.educacion.navarra.es\/web\/adn\/wp-content\/uploads\/sites\/4\/2020\/12\/LOGO1_Ainhoa-Lahoz-Cea-1024x640.png 1024w, https:\/\/iesnavarrovilloslada.educacion.navarra.es\/web\/adn\/wp-content\/uploads\/sites\/4\/2020\/12\/LOGO1_Ainhoa-Lahoz-Cea-300x188.png 300w, https:\/\/iesnavarrovilloslada.educacion.navarra.es\/web\/adn\/wp-content\/uploads\/sites\/4\/2020\/12\/LOGO1_Ainhoa-Lahoz-Cea-768x480.png 768w, https:\/\/iesnavarrovilloslada.educacion.navarra.es\/web\/adn\/wp-content\/uploads\/sites\/4\/2020\/12\/LOGO1_Ainhoa-Lahoz-Cea-1536x960.png 1536w, https:\/\/iesnavarrovilloslada.educacion.navarra.es\/web\/adn\/wp-content\/uploads\/sites\/4\/2020\/12\/LOGO1_Ainhoa-Lahoz-Cea-2048x1280.png 2048w\" sizes=\"(max-width: 1024px) 100vw, 1024px\" \/><figcaption class=\"blocks-gallery-item__caption\"><a href=\"https:\/\/drive.google.com\/file\/d\/1KGxx36liixFoKI5B4aCO68H3Iqqjm9sm\/view?usp=sharing\"><sub><sup><span style=\"color:#c5c5c5\" class=\"has-inline-color\">Ainhoa Lahoz <\/span><\/sup><\/sub><\/a><\/figcaption><\/figure><\/li><li class=\"blocks-gallery-item\"><figure><img loading=\"lazy\" decoding=\"async\" width=\"375\" height=\"510\" src=\"https:\/\/iesnavarrovilloslada.educacion.navarra.es\/web\/adn\/wp-content\/uploads\/sites\/4\/2020\/12\/Leyre-Gonzalez.png\" alt=\"\" data-id=\"1113\" data-link=\"https:\/\/iesnavarrovilloslada.educacion.navarra.es\/web\/adn\/leyre-gonzalez\/\" class=\"wp-image-1113\" srcset=\"https:\/\/iesnavarrovilloslada.educacion.navarra.es\/web\/adn\/wp-content\/uploads\/sites\/4\/2020\/12\/Leyre-Gonzalez.png 375w, https:\/\/iesnavarrovilloslada.educacion.navarra.es\/web\/adn\/wp-content\/uploads\/sites\/4\/2020\/12\/Leyre-Gonzalez-221x300.png 221w\" sizes=\"(max-width: 375px) 100vw, 375px\" \/><figcaption class=\"blocks-gallery-item__caption\"><em><sub><sup><a href=\"https:\/\/drive.google.com\/file\/d\/1DgrF_xy6KCLIcKOESz1MzvjCxGK_HZeV\/view?usp=sharing\"><span style=\"color:#c5c5c5\" class=\"has-inline-color\">Leyre Gonzalez<\/span><\/a><span style=\"color:#c5c5c5\" class=\"has-inline-color\"> <\/span><\/sup><\/sub><\/em><\/figcaption><\/figure><\/li><li class=\"blocks-gallery-item\"><figure><img loading=\"lazy\" decoding=\"async\" width=\"1024\" height=\"576\" src=\"https:\/\/iesnavarrovilloslada.educacion.navarra.es\/web\/adn\/wp-content\/uploads\/sites\/4\/2020\/12\/Julia-1024x576.png\" alt=\"\" data-id=\"1064\" data-link=\"https:\/\/iesnavarrovilloslada.educacion.navarra.es\/web\/adn\/julia\/\" class=\"wp-image-1064\" srcset=\"https:\/\/iesnavarrovilloslada.educacion.navarra.es\/web\/adn\/wp-content\/uploads\/sites\/4\/2020\/12\/Julia-1024x576.png 1024w, https:\/\/iesnavarrovilloslada.educacion.navarra.es\/web\/adn\/wp-content\/uploads\/sites\/4\/2020\/12\/Julia-300x169.png 300w, https:\/\/iesnavarrovilloslada.educacion.navarra.es\/web\/adn\/wp-content\/uploads\/sites\/4\/2020\/12\/Julia-768x432.png 768w, https:\/\/iesnavarrovilloslada.educacion.navarra.es\/web\/adn\/wp-content\/uploads\/sites\/4\/2020\/12\/Julia-1536x864.png 1536w, https:\/\/iesnavarrovilloslada.educacion.navarra.es\/web\/adn\/wp-content\/uploads\/sites\/4\/2020\/12\/Julia.png 1920w\" sizes=\"(max-width: 1024px) 100vw, 1024px\" \/><figcaption class=\"blocks-gallery-item__caption\"><a href=\"https:\/\/drive.google.com\/file\/d\/1ibVvE-NF7Cn2i92EHF-lcb9OryC5Wzfe\/view?usp=sharing\"><sub><sup><span style=\"color:#c5c5c5\" class=\"has-inline-color\">Julia Farizo<\/span><\/sup><\/sub><\/a><\/figcaption><\/figure><\/li><li class=\"blocks-gallery-item\"><figure><img loading=\"lazy\" decoding=\"async\" width=\"275\" height=\"183\" src=\"https:\/\/iesnavarrovilloslada.educacion.navarra.es\/web\/adn\/wp-content\/uploads\/sites\/4\/2020\/12\/Julen.png\" alt=\"\" data-id=\"1063\" data-link=\"https:\/\/iesnavarrovilloslada.educacion.navarra.es\/web\/adn\/julen\/\" class=\"wp-image-1063\"\/><figcaption class=\"blocks-gallery-item__caption\"><a href=\"https:\/\/drive.google.com\/file\/d\/1ICyPLl9mDUQR9cDVKvszsBjIeHCd0e8p\/view?usp=sharing\"><sub><sup><span style=\"color:#c5c5c5\" class=\"has-inline-color\">Julen Segovia<\/span><\/sup><\/sub><\/a><\/figcaption><\/figure><\/li><li class=\"blocks-gallery-item\"><figure><img loading=\"lazy\" decoding=\"async\" width=\"640\" height=\"1024\" src=\"https:\/\/iesnavarrovilloslada.educacion.navarra.es\/web\/adn\/wp-content\/uploads\/sites\/4\/2020\/12\/Josune-Sarasa-Iroz-640x1024.jpg\" alt=\"\" data-id=\"1092\" data-link=\"https:\/\/iesnavarrovilloslada.educacion.navarra.es\/web\/adn\/josune-sarasa-iroz\/\" class=\"wp-image-1092\" srcset=\"https:\/\/iesnavarrovilloslada.educacion.navarra.es\/web\/adn\/wp-content\/uploads\/sites\/4\/2020\/12\/Josune-Sarasa-Iroz-640x1024.jpg 640w, https:\/\/iesnavarrovilloslada.educacion.navarra.es\/web\/adn\/wp-content\/uploads\/sites\/4\/2020\/12\/Josune-Sarasa-Iroz-187x300.jpg 187w, https:\/\/iesnavarrovilloslada.educacion.navarra.es\/web\/adn\/wp-content\/uploads\/sites\/4\/2020\/12\/Josune-Sarasa-Iroz-768x1229.jpg 768w, https:\/\/iesnavarrovilloslada.educacion.navarra.es\/web\/adn\/wp-content\/uploads\/sites\/4\/2020\/12\/Josune-Sarasa-Iroz-960x1536.jpg 960w, https:\/\/iesnavarrovilloslada.educacion.navarra.es\/web\/adn\/wp-content\/uploads\/sites\/4\/2020\/12\/Josune-Sarasa-Iroz-1279x2048.jpg 1279w, https:\/\/iesnavarrovilloslada.educacion.navarra.es\/web\/adn\/wp-content\/uploads\/sites\/4\/2020\/12\/Josune-Sarasa-Iroz-scaled.jpg 1599w\" sizes=\"(max-width: 640px) 100vw, 640px\" \/><figcaption class=\"blocks-gallery-item__caption\"><a href=\"https:\/\/drive.google.com\/file\/d\/15yR9_5yDXjd7clPjJMdzNyBoG5-J1w12\/view?usp=sharing\"><sub><sup><span style=\"color:#c5c5c5\" class=\"has-inline-color\">Josune Sarasa<\/span><\/sup><\/sub><\/a><\/figcaption><\/figure><\/li><li class=\"blocks-gallery-item\"><figure><img loading=\"lazy\" decoding=\"async\" width=\"1024\" height=\"576\" src=\"https:\/\/iesnavarrovilloslada.educacion.navarra.es\/web\/adn\/wp-content\/uploads\/sites\/4\/2020\/12\/JorgeG-1024x576.png\" alt=\"\" data-id=\"1062\" data-link=\"https:\/\/iesnavarrovilloslada.educacion.navarra.es\/web\/adn\/jorgeg\/\" class=\"wp-image-1062\" srcset=\"https:\/\/iesnavarrovilloslada.educacion.navarra.es\/web\/adn\/wp-content\/uploads\/sites\/4\/2020\/12\/JorgeG-1024x576.png 1024w, https:\/\/iesnavarrovilloslada.educacion.navarra.es\/web\/adn\/wp-content\/uploads\/sites\/4\/2020\/12\/JorgeG-300x169.png 300w, https:\/\/iesnavarrovilloslada.educacion.navarra.es\/web\/adn\/wp-content\/uploads\/sites\/4\/2020\/12\/JorgeG-768x432.png 768w, https:\/\/iesnavarrovilloslada.educacion.navarra.es\/web\/adn\/wp-content\/uploads\/sites\/4\/2020\/12\/JorgeG-1536x864.png 1536w, https:\/\/iesnavarrovilloslada.educacion.navarra.es\/web\/adn\/wp-content\/uploads\/sites\/4\/2020\/12\/JorgeG.png 1920w\" sizes=\"(max-width: 1024px) 100vw, 1024px\" \/><figcaption class=\"blocks-gallery-item__caption\"><a href=\"https:\/\/drive.google.com\/file\/d\/1gRjt5_TdjOWhqW-UIkFLzoPh67Hs_-Hb\/view?usp=sharing\"><sub><sup><span style=\"color:#c5c5c5\" class=\"has-inline-color\">Jorge Gonzalo<\/span><\/sup><\/sub><\/a><\/figcaption><\/figure><\/li><li class=\"blocks-gallery-item\"><figure><img loading=\"lazy\" decoding=\"async\" width=\"1024\" height=\"683\" src=\"https:\/\/iesnavarrovilloslada.educacion.navarra.es\/web\/adn\/wp-content\/uploads\/sites\/4\/2020\/12\/Javier-S-1024x683.png\" alt=\"\" data-id=\"1061\" data-link=\"https:\/\/iesnavarrovilloslada.educacion.navarra.es\/web\/adn\/javier-s\/\" class=\"wp-image-1061\" srcset=\"https:\/\/iesnavarrovilloslada.educacion.navarra.es\/web\/adn\/wp-content\/uploads\/sites\/4\/2020\/12\/Javier-S-1024x683.png 1024w, https:\/\/iesnavarrovilloslada.educacion.navarra.es\/web\/adn\/wp-content\/uploads\/sites\/4\/2020\/12\/Javier-S-300x200.png 300w, https:\/\/iesnavarrovilloslada.educacion.navarra.es\/web\/adn\/wp-content\/uploads\/sites\/4\/2020\/12\/Javier-S-768x512.png 768w, https:\/\/iesnavarrovilloslada.educacion.navarra.es\/web\/adn\/wp-content\/uploads\/sites\/4\/2020\/12\/Javier-S.png 1068w\" sizes=\"(max-width: 1024px) 100vw, 1024px\" \/><figcaption class=\"blocks-gallery-item__caption\"><a href=\"https:\/\/drive.google.com\/file\/d\/1MofGOG6d18zeLOS6GQb2eD7zKk-OVpXL\/view?usp=sharing\"><sub><sup><span style=\"color:#c5c5c5\" class=\"has-inline-color\">Javier S\u00e1nchez<\/span><\/sup><\/sub><\/a><\/figcaption><\/figure><\/li><li class=\"blocks-gallery-item\"><figure><img loading=\"lazy\" decoding=\"async\" width=\"1024\" height=\"576\" src=\"https:\/\/iesnavarrovilloslada.educacion.navarra.es\/web\/adn\/wp-content\/uploads\/sites\/4\/2020\/12\/Ivan-E-1024x576.jpg\" alt=\"\" data-id=\"1060\" data-link=\"https:\/\/iesnavarrovilloslada.educacion.navarra.es\/web\/adn\/ivan-e\/\" class=\"wp-image-1060\" srcset=\"https:\/\/iesnavarrovilloslada.educacion.navarra.es\/web\/adn\/wp-content\/uploads\/sites\/4\/2020\/12\/Ivan-E-1024x576.jpg 1024w, https:\/\/iesnavarrovilloslada.educacion.navarra.es\/web\/adn\/wp-content\/uploads\/sites\/4\/2020\/12\/Ivan-E-300x169.jpg 300w, https:\/\/iesnavarrovilloslada.educacion.navarra.es\/web\/adn\/wp-content\/uploads\/sites\/4\/2020\/12\/Ivan-E-768x432.jpg 768w, https:\/\/iesnavarrovilloslada.educacion.navarra.es\/web\/adn\/wp-content\/uploads\/sites\/4\/2020\/12\/Ivan-E-1536x864.jpg 1536w, https:\/\/iesnavarrovilloslada.educacion.navarra.es\/web\/adn\/wp-content\/uploads\/sites\/4\/2020\/12\/Ivan-E.jpg 1920w\" sizes=\"(max-width: 1024px) 100vw, 1024px\" \/><figcaption class=\"blocks-gallery-item__caption\"><a href=\"https:\/\/drive.google.com\/file\/d\/10IhJTikLUXxPejvn0SMfBRbnDElJwoDl\/view?usp=sharing\"><sub><sup><span style=\"color:#c5c5c5\" class=\"has-inline-color\">Ivan Etchegoin<\/span><\/sup><\/sub><\/a><\/figcaption><\/figure><\/li><li class=\"blocks-gallery-item\"><figure><img loading=\"lazy\" decoding=\"async\" width=\"450\" height=\"450\" src=\"https:\/\/iesnavarrovilloslada.educacion.navarra.es\/web\/adn\/wp-content\/uploads\/sites\/4\/2020\/12\/Irati.png\" alt=\"\" data-id=\"1059\" data-link=\"https:\/\/iesnavarrovilloslada.educacion.navarra.es\/web\/adn\/irati\/\" class=\"wp-image-1059\" srcset=\"https:\/\/iesnavarrovilloslada.educacion.navarra.es\/web\/adn\/wp-content\/uploads\/sites\/4\/2020\/12\/Irati.png 450w, https:\/\/iesnavarrovilloslada.educacion.navarra.es\/web\/adn\/wp-content\/uploads\/sites\/4\/2020\/12\/Irati-300x300.png 300w, https:\/\/iesnavarrovilloslada.educacion.navarra.es\/web\/adn\/wp-content\/uploads\/sites\/4\/2020\/12\/Irati-150x150.png 150w, https:\/\/iesnavarrovilloslada.educacion.navarra.es\/web\/adn\/wp-content\/uploads\/sites\/4\/2020\/12\/Irati-100x100.png 100w\" sizes=\"(max-width: 450px) 100vw, 450px\" \/><figcaption class=\"blocks-gallery-item__caption\"><a href=\"https:\/\/drive.google.com\/file\/d\/1KirvXZivF2IGJd3u4yeieCQBnR43VOAZ\/view?usp=sharing\"><sub><sup><span style=\"color:#c5c5c5\" class=\"has-inline-color\">Irati Lecuona<\/span><\/sup><\/sub><\/a><\/figcaption><\/figure><\/li><li class=\"blocks-gallery-item\"><figure><img loading=\"lazy\" decoding=\"async\" width=\"547\" height=\"411\" src=\"https:\/\/iesnavarrovilloslada.educacion.navarra.es\/web\/adn\/wp-content\/uploads\/sites\/4\/2020\/12\/Iranzu-Andueza.png\" alt=\"\" data-id=\"1107\" data-link=\"https:\/\/iesnavarrovilloslada.educacion.navarra.es\/web\/adn\/iranzu-andueza\/\" class=\"wp-image-1107\" srcset=\"https:\/\/iesnavarrovilloslada.educacion.navarra.es\/web\/adn\/wp-content\/uploads\/sites\/4\/2020\/12\/Iranzu-Andueza.png 547w, https:\/\/iesnavarrovilloslada.educacion.navarra.es\/web\/adn\/wp-content\/uploads\/sites\/4\/2020\/12\/Iranzu-Andueza-300x225.png 300w\" sizes=\"(max-width: 547px) 100vw, 547px\" \/><figcaption class=\"blocks-gallery-item__caption\"><a href=\"https:\/\/drive.google.com\/file\/d\/1_F4dtw5fGbyg5PFKV_CcLIJGwBL_1zkr\/view?usp=sharing\"><sub><sup><span style=\"color:#c5c5c5\" class=\"has-inline-color\">Iranzu Andueza <\/span><\/sup><\/sub><\/a><\/figcaption><\/figure><\/li><li class=\"blocks-gallery-item\"><figure><img loading=\"lazy\" decoding=\"async\" width=\"207\" height=\"244\" src=\"https:\/\/iesnavarrovilloslada.educacion.navarra.es\/web\/adn\/wp-content\/uploads\/sites\/4\/2020\/12\/Iosu-A2.png\" alt=\"\" data-id=\"1058\" data-link=\"https:\/\/iesnavarrovilloslada.educacion.navarra.es\/web\/adn\/iosu-a2\/\" class=\"wp-image-1058\"\/><figcaption class=\"blocks-gallery-item__caption\"><a href=\"https:\/\/drive.google.com\/file\/d\/1LqCcHdYMHhi4zhoLu6ugC2l1ilw6aaLC\/view?usp=sharing\"><sup><sub><span style=\"color:#c5c5c5\" class=\"has-inline-color\">Iosu Asi\u00e1in<\/span><\/sub><\/sup><\/a><\/figcaption><\/figure><\/li><li class=\"blocks-gallery-item\"><figure><img loading=\"lazy\" decoding=\"async\" width=\"512\" height=\"512\" src=\"https:\/\/iesnavarrovilloslada.educacion.navarra.es\/web\/adn\/wp-content\/uploads\/sites\/4\/2020\/12\/Iosu-A.png\" alt=\"\" data-id=\"1057\" data-link=\"https:\/\/iesnavarrovilloslada.educacion.navarra.es\/web\/adn\/iosu-a\/\" class=\"wp-image-1057\" srcset=\"https:\/\/iesnavarrovilloslada.educacion.navarra.es\/web\/adn\/wp-content\/uploads\/sites\/4\/2020\/12\/Iosu-A.png 512w, https:\/\/iesnavarrovilloslada.educacion.navarra.es\/web\/adn\/wp-content\/uploads\/sites\/4\/2020\/12\/Iosu-A-300x300.png 300w, https:\/\/iesnavarrovilloslada.educacion.navarra.es\/web\/adn\/wp-content\/uploads\/sites\/4\/2020\/12\/Iosu-A-150x150.png 150w, https:\/\/iesnavarrovilloslada.educacion.navarra.es\/web\/adn\/wp-content\/uploads\/sites\/4\/2020\/12\/Iosu-A-100x100.png 100w\" sizes=\"(max-width: 512px) 100vw, 512px\" \/><figcaption class=\"blocks-gallery-item__caption\"><a href=\"https:\/\/drive.google.com\/file\/d\/1zbq8fc86oveMOaJH1Tc2avnZ7Sl5-Cru\/view?usp=sharing\"><sub><sup><span style=\"color:#c5c5c5\" class=\"has-inline-color\">Iosu Asi\u00e1in<\/span><\/sup><\/sub><\/a><\/figcaption><\/figure><\/li><li class=\"blocks-gallery-item\"><figure><img loading=\"lazy\" decoding=\"async\" width=\"429\" height=\"477\" src=\"https:\/\/iesnavarrovilloslada.educacion.navarra.es\/web\/adn\/wp-content\/uploads\/sites\/4\/2020\/12\/Inigo.png\" alt=\"\" data-id=\"1056\" data-link=\"https:\/\/iesnavarrovilloslada.educacion.navarra.es\/web\/adn\/inigo\/\" class=\"wp-image-1056\" srcset=\"https:\/\/iesnavarrovilloslada.educacion.navarra.es\/web\/adn\/wp-content\/uploads\/sites\/4\/2020\/12\/Inigo.png 429w, https:\/\/iesnavarrovilloslada.educacion.navarra.es\/web\/adn\/wp-content\/uploads\/sites\/4\/2020\/12\/Inigo-270x300.png 270w\" sizes=\"(max-width: 429px) 100vw, 429px\" \/><figcaption class=\"blocks-gallery-item__caption\"><a href=\"https:\/\/drive.google.com\/file\/d\/1_KUthmGwzcNTGYdI-l9NYCKdy1xqJHmw\/view?usp=sharing\"><sub><sup><span style=\"color:#c5c5c5\" class=\"has-inline-color\">I\u00f1igo Calvo<\/span><\/sup><\/sub><\/a><\/figcaption><\/figure><\/li><li class=\"blocks-gallery-item\"><figure><img loading=\"lazy\" decoding=\"async\" width=\"1024\" height=\"682\" src=\"https:\/\/iesnavarrovilloslada.educacion.navarra.es\/web\/adn\/wp-content\/uploads\/sites\/4\/2020\/12\/Ikue-1024x682.png\" alt=\"\" data-id=\"1055\" data-link=\"https:\/\/iesnavarrovilloslada.educacion.navarra.es\/web\/adn\/ikue\/\" class=\"wp-image-1055\" srcset=\"https:\/\/iesnavarrovilloslada.educacion.navarra.es\/web\/adn\/wp-content\/uploads\/sites\/4\/2020\/12\/Ikue-1024x682.png 1024w, https:\/\/iesnavarrovilloslada.educacion.navarra.es\/web\/adn\/wp-content\/uploads\/sites\/4\/2020\/12\/Ikue-300x200.png 300w, https:\/\/iesnavarrovilloslada.educacion.navarra.es\/web\/adn\/wp-content\/uploads\/sites\/4\/2020\/12\/Ikue-768x512.png 768w, https:\/\/iesnavarrovilloslada.educacion.navarra.es\/web\/adn\/wp-content\/uploads\/sites\/4\/2020\/12\/Ikue.png 1280w\" sizes=\"(max-width: 1024px) 100vw, 1024px\" \/><figcaption class=\"blocks-gallery-item__caption\"><a href=\"https:\/\/drive.google.com\/file\/d\/1smwKt7hUxKWv06jb5qUc2zgLMZ6KSsNh\/view?usp=sharing\"><sub><sup><span style=\"color:#c5c5c5\" class=\"has-inline-color\">Ikue Fernandes<\/span><\/sup><\/sub><\/a><\/figcaption><\/figure><\/li><li class=\"blocks-gallery-item\"><figure><img loading=\"lazy\" decoding=\"async\" width=\"220\" height=\"126\" src=\"https:\/\/iesnavarrovilloslada.educacion.navarra.es\/web\/adn\/wp-content\/uploads\/sites\/4\/2020\/12\/Fernando-I.jpg\" alt=\"\" data-id=\"1054\" data-link=\"https:\/\/iesnavarrovilloslada.educacion.navarra.es\/web\/adn\/fernando-i\/\" class=\"wp-image-1054\"\/><figcaption class=\"blocks-gallery-item__caption\"><a href=\"https:\/\/drive.google.com\/file\/d\/1dYjWbzemSTKAOuR96xAkKwTqZ-GpaNmZ\/view?usp=sharing\"><sub><sup><span style=\"color:#c5c5c5\" class=\"has-inline-color\">Fernando Iznaola<\/span><\/sup><\/sub><\/a><\/figcaption><\/figure><\/li><li class=\"blocks-gallery-item\"><figure><img loading=\"lazy\" decoding=\"async\" width=\"557\" height=\"556\" src=\"https:\/\/iesnavarrovilloslada.educacion.navarra.es\/web\/adn\/wp-content\/uploads\/sites\/4\/2020\/12\/Felipe-de-Lucca-2.png\" alt=\"\" data-id=\"1111\" data-link=\"https:\/\/iesnavarrovilloslada.educacion.navarra.es\/web\/adn\/felipe-de-lucca-2\/\" class=\"wp-image-1111\" srcset=\"https:\/\/iesnavarrovilloslada.educacion.navarra.es\/web\/adn\/wp-content\/uploads\/sites\/4\/2020\/12\/Felipe-de-Lucca-2.png 557w, https:\/\/iesnavarrovilloslada.educacion.navarra.es\/web\/adn\/wp-content\/uploads\/sites\/4\/2020\/12\/Felipe-de-Lucca-2-300x300.png 300w, https:\/\/iesnavarrovilloslada.educacion.navarra.es\/web\/adn\/wp-content\/uploads\/sites\/4\/2020\/12\/Felipe-de-Lucca-2-150x150.png 150w, https:\/\/iesnavarrovilloslada.educacion.navarra.es\/web\/adn\/wp-content\/uploads\/sites\/4\/2020\/12\/Felipe-de-Lucca-2-100x100.png 100w\" sizes=\"(max-width: 557px) 100vw, 557px\" \/><figcaption class=\"blocks-gallery-item__caption\"><a href=\"https:\/\/drive.google.com\/file\/d\/1hOwWc-QKA8xC1dBGE1BA2zPqmeMaP4uA\/view?usp=sharing\"><sub><sup><span style=\"color:#c5c5c5\" class=\"has-inline-color\">Felipe de Lucca Afonso <\/span><\/sup><\/sub><\/a><\/figcaption><\/figure><\/li><li class=\"blocks-gallery-item\"><figure><img loading=\"lazy\" decoding=\"async\" width=\"535\" height=\"580\" src=\"https:\/\/iesnavarrovilloslada.educacion.navarra.es\/web\/adn\/wp-content\/uploads\/sites\/4\/2020\/12\/Felipe-de-Lucca-3.png\" alt=\"\" data-id=\"1110\" data-link=\"https:\/\/iesnavarrovilloslada.educacion.navarra.es\/web\/adn\/felipe-de-lucca-3\/\" class=\"wp-image-1110\" srcset=\"https:\/\/iesnavarrovilloslada.educacion.navarra.es\/web\/adn\/wp-content\/uploads\/sites\/4\/2020\/12\/Felipe-de-Lucca-3.png 535w, https:\/\/iesnavarrovilloslada.educacion.navarra.es\/web\/adn\/wp-content\/uploads\/sites\/4\/2020\/12\/Felipe-de-Lucca-3-277x300.png 277w\" sizes=\"(max-width: 535px) 100vw, 535px\" \/><figcaption class=\"blocks-gallery-item__caption\"><em><a href=\"https:\/\/drive.google.com\/file\/d\/1__nS_tgTZOm7wB0SeVslgeiAho50fun3\/view?usp=sharing\"><sub><sup><span style=\"color:#c5c5c5\" class=\"has-inline-color\">Felipe de Lucca Afonso <\/span><\/sup><\/sub><\/a><\/em><\/figcaption><\/figure><\/li><li class=\"blocks-gallery-item\"><figure><img loading=\"lazy\" decoding=\"async\" width=\"467\" height=\"554\" src=\"https:\/\/iesnavarrovilloslada.educacion.navarra.es\/web\/adn\/wp-content\/uploads\/sites\/4\/2020\/12\/Felipe-de-Lucca-1.png\" alt=\"\" data-id=\"1112\" data-link=\"https:\/\/iesnavarrovilloslada.educacion.navarra.es\/web\/adn\/felipe-de-lucca-1\/\" class=\"wp-image-1112\" srcset=\"https:\/\/iesnavarrovilloslada.educacion.navarra.es\/web\/adn\/wp-content\/uploads\/sites\/4\/2020\/12\/Felipe-de-Lucca-1.png 467w, https:\/\/iesnavarrovilloslada.educacion.navarra.es\/web\/adn\/wp-content\/uploads\/sites\/4\/2020\/12\/Felipe-de-Lucca-1-253x300.png 253w\" sizes=\"(max-width: 467px) 100vw, 467px\" \/><figcaption class=\"blocks-gallery-item__caption\"><em><a href=\"https:\/\/drive.google.com\/file\/d\/1wzYYuog7LUm3XE7XbYdUXAzsRsoJKV0L\/view?usp=sharing\"><sub><sup><span style=\"color:#c5c5c5\" class=\"has-inline-color\">Felipe de Lucca Afonso <\/span><\/sup><\/sub><\/a><\/em><\/figcaption><\/figure><\/li><li class=\"blocks-gallery-item\"><figure><img loading=\"lazy\" decoding=\"async\" width=\"1024\" height=\"576\" src=\"https:\/\/iesnavarrovilloslada.educacion.navarra.es\/web\/adn\/wp-content\/uploads\/sites\/4\/2020\/12\/Emma-R2-1024x576.png\" alt=\"\" data-id=\"1053\" data-link=\"https:\/\/iesnavarrovilloslada.educacion.navarra.es\/web\/adn\/emma-r2\/\" class=\"wp-image-1053\" srcset=\"https:\/\/iesnavarrovilloslada.educacion.navarra.es\/web\/adn\/wp-content\/uploads\/sites\/4\/2020\/12\/Emma-R2-1024x576.png 1024w, https:\/\/iesnavarrovilloslada.educacion.navarra.es\/web\/adn\/wp-content\/uploads\/sites\/4\/2020\/12\/Emma-R2-300x169.png 300w, https:\/\/iesnavarrovilloslada.educacion.navarra.es\/web\/adn\/wp-content\/uploads\/sites\/4\/2020\/12\/Emma-R2-768x432.png 768w, https:\/\/iesnavarrovilloslada.educacion.navarra.es\/web\/adn\/wp-content\/uploads\/sites\/4\/2020\/12\/Emma-R2-1536x864.png 1536w, https:\/\/iesnavarrovilloslada.educacion.navarra.es\/web\/adn\/wp-content\/uploads\/sites\/4\/2020\/12\/Emma-R2.png 1920w\" sizes=\"(max-width: 1024px) 100vw, 1024px\" \/><figcaption class=\"blocks-gallery-item__caption\"><a href=\"https:\/\/drive.google.com\/file\/d\/1D4xyWG6TpfAYVF-sQ1POZ_K_a7WMGjYD\/view?usp=sharing\"><sub><sup><span style=\"color:#c5c5c5\" class=\"has-inline-color\">Emma Rodr\u00edguez<\/span><\/sup><\/sub><\/a><\/figcaption><\/figure><\/li><li class=\"blocks-gallery-item\"><figure><img loading=\"lazy\" decoding=\"async\" width=\"1024\" height=\"578\" src=\"https:\/\/iesnavarrovilloslada.educacion.navarra.es\/web\/adn\/wp-content\/uploads\/sites\/4\/2020\/12\/Emma-R1-1024x578.png\" alt=\"\" data-id=\"1052\" data-link=\"https:\/\/iesnavarrovilloslada.educacion.navarra.es\/web\/adn\/emma-r1\/\" class=\"wp-image-1052\" srcset=\"https:\/\/iesnavarrovilloslada.educacion.navarra.es\/web\/adn\/wp-content\/uploads\/sites\/4\/2020\/12\/Emma-R1-1024x578.png 1024w, https:\/\/iesnavarrovilloslada.educacion.navarra.es\/web\/adn\/wp-content\/uploads\/sites\/4\/2020\/12\/Emma-R1-300x169.png 300w, https:\/\/iesnavarrovilloslada.educacion.navarra.es\/web\/adn\/wp-content\/uploads\/sites\/4\/2020\/12\/Emma-R1-768x433.png 768w, https:\/\/iesnavarrovilloslada.educacion.navarra.es\/web\/adn\/wp-content\/uploads\/sites\/4\/2020\/12\/Emma-R1.png 1320w\" sizes=\"(max-width: 1024px) 100vw, 1024px\" \/><figcaption class=\"blocks-gallery-item__caption\"><a href=\"https:\/\/drive.google.com\/file\/d\/1phn26HozWx_V2rbxJgJ4y-Ad3DG2M3eS\/view?usp=sharing\"><sub><sup><span style=\"color:#c5c5c5\" class=\"has-inline-color\">Emma Rodr\u00edguez<\/span><\/sup><\/sub><\/a><\/figcaption><\/figure><\/li><li class=\"blocks-gallery-item\"><figure><img loading=\"lazy\" decoding=\"async\" width=\"657\" height=\"331\" src=\"https:\/\/iesnavarrovilloslada.educacion.navarra.es\/web\/adn\/wp-content\/uploads\/sites\/4\/2020\/12\/Enma-Perez-2.png\" alt=\"\" data-id=\"1109\" data-link=\"https:\/\/iesnavarrovilloslada.educacion.navarra.es\/web\/adn\/enma-perez-2\/\" class=\"wp-image-1109\" srcset=\"https:\/\/iesnavarrovilloslada.educacion.navarra.es\/web\/adn\/wp-content\/uploads\/sites\/4\/2020\/12\/Enma-Perez-2.png 657w, https:\/\/iesnavarrovilloslada.educacion.navarra.es\/web\/adn\/wp-content\/uploads\/sites\/4\/2020\/12\/Enma-Perez-2-300x151.png 300w\" sizes=\"(max-width: 657px) 100vw, 657px\" \/><figcaption class=\"blocks-gallery-item__caption\"><a href=\"https:\/\/drive.google.com\/file\/d\/1SPIi0SV-2nVDF_H5-maNq2oX7m4nxCAG\/view?usp=sharing\"><sub><sup><span style=\"color:#c5c5c5\" class=\"has-inline-color\">Emma P\u00e9rez <\/span><\/sup><\/sub><\/a><\/figcaption><\/figure><\/li><li class=\"blocks-gallery-item\"><figure><img loading=\"lazy\" decoding=\"async\" width=\"493\" height=\"428\" src=\"https:\/\/iesnavarrovilloslada.educacion.navarra.es\/web\/adn\/wp-content\/uploads\/sites\/4\/2020\/12\/Emma-Perez-1.png\" alt=\"\" data-id=\"1108\" data-link=\"https:\/\/iesnavarrovilloslada.educacion.navarra.es\/web\/adn\/emma-perez-1\/\" class=\"wp-image-1108\" srcset=\"https:\/\/iesnavarrovilloslada.educacion.navarra.es\/web\/adn\/wp-content\/uploads\/sites\/4\/2020\/12\/Emma-Perez-1.png 493w, https:\/\/iesnavarrovilloslada.educacion.navarra.es\/web\/adn\/wp-content\/uploads\/sites\/4\/2020\/12\/Emma-Perez-1-300x260.png 300w\" sizes=\"(max-width: 493px) 100vw, 493px\" \/><figcaption class=\"blocks-gallery-item__caption\"><em><a href=\"https:\/\/drive.google.com\/file\/d\/1wc-K0O7MwH0tdRlqLzMLhjMM-bNMdgMw\/view?usp=sharing\"><sub><sup><span style=\"color:#c5c5c5\" class=\"has-inline-color\">Emma P\u00e9rez <\/span><\/sup><\/sub><\/a><\/em><\/figcaption><\/figure><\/li><li class=\"blocks-gallery-item\"><figure><img loading=\"lazy\" decoding=\"async\" width=\"802\" height=\"468\" src=\"https:\/\/iesnavarrovilloslada.educacion.navarra.es\/web\/adn\/wp-content\/uploads\/sites\/4\/2020\/12\/Eduardo-Cribas.png\" alt=\"\" data-id=\"1105\" data-link=\"https:\/\/iesnavarrovilloslada.educacion.navarra.es\/web\/adn\/eduardo-cribas\/\" class=\"wp-image-1105\" srcset=\"https:\/\/iesnavarrovilloslada.educacion.navarra.es\/web\/adn\/wp-content\/uploads\/sites\/4\/2020\/12\/Eduardo-Cribas.png 802w, https:\/\/iesnavarrovilloslada.educacion.navarra.es\/web\/adn\/wp-content\/uploads\/sites\/4\/2020\/12\/Eduardo-Cribas-300x175.png 300w, https:\/\/iesnavarrovilloslada.educacion.navarra.es\/web\/adn\/wp-content\/uploads\/sites\/4\/2020\/12\/Eduardo-Cribas-768x448.png 768w\" sizes=\"(max-width: 802px) 100vw, 802px\" \/><figcaption class=\"blocks-gallery-item__caption\"><a href=\"https:\/\/drive.google.com\/file\/d\/1WIFmi9DepLYXdThfds7cwq8niv1BAZvk\/view?usp=sharing\"><sub><sup><span style=\"color:#c5c5c5\" class=\"has-inline-color\">Eduardo Cribas <\/span><\/sup><\/sub><\/a><\/figcaption><\/figure><\/li><li class=\"blocks-gallery-item\"><figure><img loading=\"lazy\" decoding=\"async\" width=\"1024\" height=\"861\" src=\"https:\/\/iesnavarrovilloslada.educacion.navarra.es\/web\/adn\/wp-content\/uploads\/sites\/4\/2020\/12\/Diego-1024x861.png\" alt=\"\" data-id=\"1051\" data-link=\"https:\/\/iesnavarrovilloslada.educacion.navarra.es\/web\/adn\/diego\/\" class=\"wp-image-1051\" srcset=\"https:\/\/iesnavarrovilloslada.educacion.navarra.es\/web\/adn\/wp-content\/uploads\/sites\/4\/2020\/12\/Diego-1024x861.png 1024w, https:\/\/iesnavarrovilloslada.educacion.navarra.es\/web\/adn\/wp-content\/uploads\/sites\/4\/2020\/12\/Diego-300x252.png 300w, https:\/\/iesnavarrovilloslada.educacion.navarra.es\/web\/adn\/wp-content\/uploads\/sites\/4\/2020\/12\/Diego-768x646.png 768w, https:\/\/iesnavarrovilloslada.educacion.navarra.es\/web\/adn\/wp-content\/uploads\/sites\/4\/2020\/12\/Diego-1536x1292.png 1536w, https:\/\/iesnavarrovilloslada.educacion.navarra.es\/web\/adn\/wp-content\/uploads\/sites\/4\/2020\/12\/Diego.png 2045w\" sizes=\"(max-width: 1024px) 100vw, 1024px\" \/><figcaption class=\"blocks-gallery-item__caption\"><a href=\"https:\/\/drive.google.com\/file\/d\/14bdfuXBGJ_V48S8ApIrjwfYfhn8S069m\/view?usp=sharing\"><sub><sup><span style=\"color:#c5c5c5\" class=\"has-inline-color\">Diego Fern\u00e1ndez<\/span><\/sup><\/sub><\/a><\/figcaption><\/figure><\/li><li class=\"blocks-gallery-item\"><figure><img loading=\"lazy\" decoding=\"async\" width=\"1024\" height=\"576\" src=\"https:\/\/iesnavarrovilloslada.educacion.navarra.es\/web\/adn\/wp-content\/uploads\/sites\/4\/2020\/12\/David-C-1024x576.jpg\" alt=\"\" data-id=\"1079\" data-link=\"https:\/\/iesnavarrovilloslada.educacion.navarra.es\/web\/adn\/david-c\/\" class=\"wp-image-1079\" srcset=\"https:\/\/iesnavarrovilloslada.educacion.navarra.es\/web\/adn\/wp-content\/uploads\/sites\/4\/2020\/12\/David-C-1024x576.jpg 1024w, https:\/\/iesnavarrovilloslada.educacion.navarra.es\/web\/adn\/wp-content\/uploads\/sites\/4\/2020\/12\/David-C-300x169.jpg 300w, https:\/\/iesnavarrovilloslada.educacion.navarra.es\/web\/adn\/wp-content\/uploads\/sites\/4\/2020\/12\/David-C-768x432.jpg 768w, https:\/\/iesnavarrovilloslada.educacion.navarra.es\/web\/adn\/wp-content\/uploads\/sites\/4\/2020\/12\/David-C.jpg 1440w\" sizes=\"(max-width: 1024px) 100vw, 1024px\" \/><figcaption class=\"blocks-gallery-item__caption\"><sub><sup><a href=\"https:\/\/drive.google.com\/file\/d\/1AGB_ojU9R9Sj4vk_EFnH3D3Cv1TexlBw\/view?usp=sharing\"><span style=\"color:#c5c5c5\" class=\"has-inline-color\">David Casaj\u00fas<\/span><\/a><\/sup><\/sub><\/figcaption><\/figure><\/li><li class=\"blocks-gallery-item\"><figure><img loading=\"lazy\" decoding=\"async\" width=\"1024\" height=\"711\" src=\"https:\/\/iesnavarrovilloslada.educacion.navarra.es\/web\/adn\/wp-content\/uploads\/sites\/4\/2020\/12\/Copia-de-Jorge-2-1024x711.png\" alt=\"\" data-id=\"1050\" data-link=\"https:\/\/iesnavarrovilloslada.educacion.navarra.es\/web\/adn\/copia-de-jorge-2\/\" class=\"wp-image-1050\" srcset=\"https:\/\/iesnavarrovilloslada.educacion.navarra.es\/web\/adn\/wp-content\/uploads\/sites\/4\/2020\/12\/Copia-de-Jorge-2-1024x711.png 1024w, https:\/\/iesnavarrovilloslada.educacion.navarra.es\/web\/adn\/wp-content\/uploads\/sites\/4\/2020\/12\/Copia-de-Jorge-2-300x208.png 300w, https:\/\/iesnavarrovilloslada.educacion.navarra.es\/web\/adn\/wp-content\/uploads\/sites\/4\/2020\/12\/Copia-de-Jorge-2-768x533.png 768w, https:\/\/iesnavarrovilloslada.educacion.navarra.es\/web\/adn\/wp-content\/uploads\/sites\/4\/2020\/12\/Copia-de-Jorge-2-1536x1067.png 1536w, https:\/\/iesnavarrovilloslada.educacion.navarra.es\/web\/adn\/wp-content\/uploads\/sites\/4\/2020\/12\/Copia-de-Jorge-2.png 1555w\" sizes=\"(max-width: 1024px) 100vw, 1024px\" \/><figcaption class=\"blocks-gallery-item__caption\"><a href=\"https:\/\/drive.google.com\/file\/d\/1zNMbJsb8iimSVlA9IggBCaQ_OlmtT886\/view?usp=sharing\"><sub><sup><span style=\"color:#c5c5c5\" class=\"has-inline-color\">Jorge Gonzalo<\/span><\/sup><\/sub><\/a><\/figcaption><\/figure><\/li><li class=\"blocks-gallery-item\"><figure><img loading=\"lazy\" decoding=\"async\" width=\"947\" height=\"1024\" src=\"https:\/\/iesnavarrovilloslada.educacion.navarra.es\/web\/adn\/wp-content\/uploads\/sites\/4\/2020\/12\/Copia-de-Ikue-2-947x1024.png\" alt=\"\" data-id=\"1049\" data-link=\"https:\/\/iesnavarrovilloslada.educacion.navarra.es\/web\/adn\/copia-de-ikue-2\/\" class=\"wp-image-1049\" srcset=\"https:\/\/iesnavarrovilloslada.educacion.navarra.es\/web\/adn\/wp-content\/uploads\/sites\/4\/2020\/12\/Copia-de-Ikue-2-947x1024.png 947w, https:\/\/iesnavarrovilloslada.educacion.navarra.es\/web\/adn\/wp-content\/uploads\/sites\/4\/2020\/12\/Copia-de-Ikue-2-277x300.png 277w, https:\/\/iesnavarrovilloslada.educacion.navarra.es\/web\/adn\/wp-content\/uploads\/sites\/4\/2020\/12\/Copia-de-Ikue-2-768x831.png 768w, https:\/\/iesnavarrovilloslada.educacion.navarra.es\/web\/adn\/wp-content\/uploads\/sites\/4\/2020\/12\/Copia-de-Ikue-2.png 1092w\" sizes=\"(max-width: 947px) 100vw, 947px\" \/><figcaption class=\"blocks-gallery-item__caption\"><a href=\"https:\/\/drive.google.com\/file\/d\/1M-8u0Q1314bbH30UuZnaGS2alv5XnBH1\/view?usp=sharing\"><sub><sup><span style=\"color:#c5c5c5\" class=\"has-inline-color\">Ikue Fernandes<\/span><\/sup><\/sub><\/a><\/figcaption><\/figure><\/li><li class=\"blocks-gallery-item\"><figure><img loading=\"lazy\" decoding=\"async\" width=\"512\" height=\"512\" src=\"https:\/\/iesnavarrovilloslada.educacion.navarra.es\/web\/adn\/wp-content\/uploads\/sites\/4\/2020\/12\/Chenyang.png\" alt=\"\" data-id=\"1048\" data-link=\"https:\/\/iesnavarrovilloslada.educacion.navarra.es\/web\/adn\/chenyang\/\" class=\"wp-image-1048\" srcset=\"https:\/\/iesnavarrovilloslada.educacion.navarra.es\/web\/adn\/wp-content\/uploads\/sites\/4\/2020\/12\/Chenyang.png 512w, https:\/\/iesnavarrovilloslada.educacion.navarra.es\/web\/adn\/wp-content\/uploads\/sites\/4\/2020\/12\/Chenyang-300x300.png 300w, https:\/\/iesnavarrovilloslada.educacion.navarra.es\/web\/adn\/wp-content\/uploads\/sites\/4\/2020\/12\/Chenyang-150x150.png 150w, https:\/\/iesnavarrovilloslada.educacion.navarra.es\/web\/adn\/wp-content\/uploads\/sites\/4\/2020\/12\/Chenyang-100x100.png 100w\" sizes=\"(max-width: 512px) 100vw, 512px\" \/><figcaption class=\"blocks-gallery-item__caption\"><a href=\"https:\/\/drive.google.com\/file\/d\/1aeXkVSNI6PUTFiCi08g6rSmnFCBq3iDj\/view?usp=sharing\"><sub><sup><span style=\"color:#c5c5c5\" class=\"has-inline-color\">Chenyang Zhu<\/span><\/sup><\/sub><\/a><\/figcaption><\/figure><\/li><li class=\"blocks-gallery-item\"><figure><img loading=\"lazy\" decoding=\"async\" width=\"1024\" height=\"958\" src=\"https:\/\/iesnavarrovilloslada.educacion.navarra.es\/web\/adn\/wp-content\/uploads\/sites\/4\/2020\/12\/Beatriz-U2-1024x958.jpg\" alt=\"\" data-id=\"1047\" data-link=\"https:\/\/iesnavarrovilloslada.educacion.navarra.es\/web\/adn\/beatriz-u2\/\" class=\"wp-image-1047\" srcset=\"https:\/\/iesnavarrovilloslada.educacion.navarra.es\/web\/adn\/wp-content\/uploads\/sites\/4\/2020\/12\/Beatriz-U2-1024x958.jpg 1024w, https:\/\/iesnavarrovilloslada.educacion.navarra.es\/web\/adn\/wp-content\/uploads\/sites\/4\/2020\/12\/Beatriz-U2-300x281.jpg 300w, https:\/\/iesnavarrovilloslada.educacion.navarra.es\/web\/adn\/wp-content\/uploads\/sites\/4\/2020\/12\/Beatriz-U2-768x718.jpg 768w, https:\/\/iesnavarrovilloslada.educacion.navarra.es\/web\/adn\/wp-content\/uploads\/sites\/4\/2020\/12\/Beatriz-U2.jpg 1115w\" sizes=\"(max-width: 1024px) 100vw, 1024px\" \/><figcaption class=\"blocks-gallery-item__caption\"><a href=\"https:\/\/drive.google.com\/file\/d\/1eKH4NOdgdmwifpp3zNns4N8DXoQUMeSc\/view?usp=sharing\"><sub><sup><span style=\"color:#c5c5c5\" class=\"has-inline-color\">Beatriz Usoz<\/span><\/sup><\/sub><\/a><\/figcaption><\/figure><\/li><li class=\"blocks-gallery-item\"><figure><img loading=\"lazy\" decoding=\"async\" width=\"942\" height=\"1024\" src=\"https:\/\/iesnavarrovilloslada.educacion.navarra.es\/web\/adn\/wp-content\/uploads\/sites\/4\/2020\/12\/Beatriz-U1-942x1024.jpg\" alt=\"\" data-id=\"1046\" data-link=\"https:\/\/iesnavarrovilloslada.educacion.navarra.es\/web\/adn\/beatriz-u1\/\" class=\"wp-image-1046\" srcset=\"https:\/\/iesnavarrovilloslada.educacion.navarra.es\/web\/adn\/wp-content\/uploads\/sites\/4\/2020\/12\/Beatriz-U1-942x1024.jpg 942w, https:\/\/iesnavarrovilloslada.educacion.navarra.es\/web\/adn\/wp-content\/uploads\/sites\/4\/2020\/12\/Beatriz-U1-276x300.jpg 276w, https:\/\/iesnavarrovilloslada.educacion.navarra.es\/web\/adn\/wp-content\/uploads\/sites\/4\/2020\/12\/Beatriz-U1-768x835.jpg 768w, https:\/\/iesnavarrovilloslada.educacion.navarra.es\/web\/adn\/wp-content\/uploads\/sites\/4\/2020\/12\/Beatriz-U1.jpg 968w\" sizes=\"(max-width: 942px) 100vw, 942px\" \/><figcaption class=\"blocks-gallery-item__caption\"><em><a href=\"https:\/\/drive.google.com\/file\/d\/1LFanq5jmCBWcJOiIeWOsrGDLUyoFaB88\/view?usp=sharing\"><sub><sup><span style=\"color:#c5c5c5\" class=\"has-inline-color\">Beatriz Usoz<\/span><\/sup><\/sub><\/a><\/em><\/figcaption><\/figure><\/li><li class=\"blocks-gallery-item\"><figure><img loading=\"lazy\" decoding=\"async\" width=\"1024\" height=\"576\" src=\"https:\/\/iesnavarrovilloslada.educacion.navarra.es\/web\/adn\/wp-content\/uploads\/sites\/4\/2020\/12\/Ani-1024x576.png\" alt=\"\" data-id=\"1045\" data-link=\"https:\/\/iesnavarrovilloslada.educacion.navarra.es\/web\/adn\/ani\/\" class=\"wp-image-1045\" srcset=\"https:\/\/iesnavarrovilloslada.educacion.navarra.es\/web\/adn\/wp-content\/uploads\/sites\/4\/2020\/12\/Ani-1024x576.png 1024w, https:\/\/iesnavarrovilloslada.educacion.navarra.es\/web\/adn\/wp-content\/uploads\/sites\/4\/2020\/12\/Ani-300x169.png 300w, https:\/\/iesnavarrovilloslada.educacion.navarra.es\/web\/adn\/wp-content\/uploads\/sites\/4\/2020\/12\/Ani-768x432.png 768w, https:\/\/iesnavarrovilloslada.educacion.navarra.es\/web\/adn\/wp-content\/uploads\/sites\/4\/2020\/12\/Ani-1536x864.png 1536w, https:\/\/iesnavarrovilloslada.educacion.navarra.es\/web\/adn\/wp-content\/uploads\/sites\/4\/2020\/12\/Ani.png 1920w\" sizes=\"(max-width: 1024px) 100vw, 1024px\" \/><figcaption class=\"blocks-gallery-item__caption\"><a href=\"https:\/\/drive.google.com\/file\/d\/1M3vOC-tooWLh4vPTHAk_isiwm02trzaD\/view?usp=sharing\"><sub><sup><span style=\"color:#c5c5c5\" class=\"has-inline-color\">Ani Karaalieva<\/span><\/sup><\/sub><\/a><\/figcaption><\/figure><\/li><li class=\"blocks-gallery-item\"><figure><img loading=\"lazy\" decoding=\"async\" width=\"421\" height=\"254\" src=\"https:\/\/iesnavarrovilloslada.educacion.navarra.es\/web\/adn\/wp-content\/uploads\/sites\/4\/2020\/12\/Angelique-Moran.png\" alt=\"\" data-id=\"1104\" data-link=\"https:\/\/iesnavarrovilloslada.educacion.navarra.es\/web\/adn\/angelique-moran\/\" class=\"wp-image-1104\" srcset=\"https:\/\/iesnavarrovilloslada.educacion.navarra.es\/web\/adn\/wp-content\/uploads\/sites\/4\/2020\/12\/Angelique-Moran.png 421w, https:\/\/iesnavarrovilloslada.educacion.navarra.es\/web\/adn\/wp-content\/uploads\/sites\/4\/2020\/12\/Angelique-Moran-300x181.png 300w\" sizes=\"(max-width: 421px) 100vw, 421px\" \/><figcaption class=\"blocks-gallery-item__caption\"><a href=\"https:\/\/drive.google.com\/file\/d\/11SCou7h8u2mTXK_kkgTd25xO769JR5n3\/view?usp=sharing\"><sub><sup><span style=\"color:#c5c5c5\" class=\"has-inline-color\">Angelique Mor\u00e1n <\/span><\/sup><\/sub><\/a><\/figcaption><\/figure><\/li><li class=\"blocks-gallery-item\"><figure><img loading=\"lazy\" decoding=\"async\" width=\"612\" height=\"566\" src=\"https:\/\/iesnavarrovilloslada.educacion.navarra.es\/web\/adn\/wp-content\/uploads\/sites\/4\/2020\/12\/Maria.png\" alt=\"\" data-id=\"1067\" data-link=\"https:\/\/iesnavarrovilloslada.educacion.navarra.es\/web\/adn\/maria\/\" class=\"wp-image-1067\" srcset=\"https:\/\/iesnavarrovilloslada.educacion.navarra.es\/web\/adn\/wp-content\/uploads\/sites\/4\/2020\/12\/Maria.png 612w, https:\/\/iesnavarrovilloslada.educacion.navarra.es\/web\/adn\/wp-content\/uploads\/sites\/4\/2020\/12\/Maria-300x277.png 300w\" sizes=\"(max-width: 612px) 100vw, 612px\" \/><figcaption class=\"blocks-gallery-item__caption\"><a href=\"https:\/\/drive.google.com\/file\/d\/1MiZhx8_n9PCbKCLl0yXogJxwmH3ZGPH7\/view?usp=sharing\"><sub><sup><span style=\"color:#c5c5c5\" class=\"has-inline-color\">Mar\u00eda Fern\u00e1ndez<\/span><\/sup><\/sub><\/a><\/figcaption><\/figure><\/li><li class=\"blocks-gallery-item\"><figure><img loading=\"lazy\" decoding=\"async\" width=\"512\" height=\"512\" src=\"https:\/\/iesnavarrovilloslada.educacion.navarra.es\/web\/adn\/wp-content\/uploads\/sites\/4\/2020\/12\/Alex.png\" alt=\"\" data-id=\"1044\" data-link=\"https:\/\/iesnavarrovilloslada.educacion.navarra.es\/web\/adn\/alex\/\" class=\"wp-image-1044\" srcset=\"https:\/\/iesnavarrovilloslada.educacion.navarra.es\/web\/adn\/wp-content\/uploads\/sites\/4\/2020\/12\/Alex.png 512w, https:\/\/iesnavarrovilloslada.educacion.navarra.es\/web\/adn\/wp-content\/uploads\/sites\/4\/2020\/12\/Alex-300x300.png 300w, https:\/\/iesnavarrovilloslada.educacion.navarra.es\/web\/adn\/wp-content\/uploads\/sites\/4\/2020\/12\/Alex-150x150.png 150w, https:\/\/iesnavarrovilloslada.educacion.navarra.es\/web\/adn\/wp-content\/uploads\/sites\/4\/2020\/12\/Alex-100x100.png 100w\" sizes=\"(max-width: 512px) 100vw, 512px\" \/><figcaption class=\"blocks-gallery-item__caption\"><a href=\"https:\/\/drive.google.com\/file\/d\/1pbQpdJMG9rfkNzrnzfp_nFXYNqEDA7MA\/view?usp=sharing\"><sup><sub><span style=\"color:#c5c5c5\" class=\"has-inline-color\">Alex Bernal<\/span><\/sub><\/sup><\/a><\/figcaption><\/figure><\/li><li class=\"blocks-gallery-item\"><figure><img loading=\"lazy\" decoding=\"async\" width=\"1024\" height=\"1024\" src=\"https:\/\/iesnavarrovilloslada.educacion.navarra.es\/web\/adn\/wp-content\/uploads\/sites\/4\/2020\/12\/Alba-1024x1024.png\" alt=\"\" data-id=\"1043\" data-link=\"https:\/\/iesnavarrovilloslada.educacion.navarra.es\/web\/adn\/alba\/\" class=\"wp-image-1043\" srcset=\"https:\/\/iesnavarrovilloslada.educacion.navarra.es\/web\/adn\/wp-content\/uploads\/sites\/4\/2020\/12\/Alba-1024x1024.png 1024w, https:\/\/iesnavarrovilloslada.educacion.navarra.es\/web\/adn\/wp-content\/uploads\/sites\/4\/2020\/12\/Alba-300x300.png 300w, https:\/\/iesnavarrovilloslada.educacion.navarra.es\/web\/adn\/wp-content\/uploads\/sites\/4\/2020\/12\/Alba-150x150.png 150w, https:\/\/iesnavarrovilloslada.educacion.navarra.es\/web\/adn\/wp-content\/uploads\/sites\/4\/2020\/12\/Alba-768x768.png 768w, https:\/\/iesnavarrovilloslada.educacion.navarra.es\/web\/adn\/wp-content\/uploads\/sites\/4\/2020\/12\/Alba-100x100.png 100w, https:\/\/iesnavarrovilloslada.educacion.navarra.es\/web\/adn\/wp-content\/uploads\/sites\/4\/2020\/12\/Alba.png 1280w\" sizes=\"(max-width: 1024px) 100vw, 1024px\" \/><figcaption class=\"blocks-gallery-item__caption\"><sup><sub><a href=\"https:\/\/drive.google.com\/file\/d\/1V9HIZgTHJj5gUjeYy_W3iF343lTdh_CM\/view?usp=sharing\"><span style=\"color:#c5c5c5\" class=\"has-inline-color\">Alba Itoiz<\/span><\/a><\/sub><\/sup><\/figcaption><\/figure><\/li><li class=\"blocks-gallery-item\"><figure><img loading=\"lazy\" decoding=\"async\" width=\"910\" height=\"569\" src=\"https:\/\/iesnavarrovilloslada.educacion.navarra.es\/web\/adn\/wp-content\/uploads\/sites\/4\/2020\/12\/Adrian.png\" alt=\"\" data-id=\"1042\" data-link=\"https:\/\/iesnavarrovilloslada.educacion.navarra.es\/web\/adn\/adrian\/\" class=\"wp-image-1042\" srcset=\"https:\/\/iesnavarrovilloslada.educacion.navarra.es\/web\/adn\/wp-content\/uploads\/sites\/4\/2020\/12\/Adrian.png 910w, https:\/\/iesnavarrovilloslada.educacion.navarra.es\/web\/adn\/wp-content\/uploads\/sites\/4\/2020\/12\/Adrian-300x188.png 300w, https:\/\/iesnavarrovilloslada.educacion.navarra.es\/web\/adn\/wp-content\/uploads\/sites\/4\/2020\/12\/Adrian-768x480.png 768w\" sizes=\"(max-width: 910px) 100vw, 910px\" \/><figcaption class=\"blocks-gallery-item__caption\"><a href=\"https:\/\/drive.google.com\/file\/d\/1rax6EkX7TbUclcr__1MAuVeqTtvxVMfY\/view?usp=sharing\"><sub><sup><span style=\"color:#c5c5c5\" class=\"has-inline-color\">Adri\u00e1n Mart\u00ednez<\/span><\/sup><\/sub><\/a><\/figcaption><\/figure><\/li><li class=\"blocks-gallery-item\"><figure><img loading=\"lazy\" decoding=\"async\" width=\"794\" height=\"506\" src=\"https:\/\/iesnavarrovilloslada.educacion.navarra.es\/web\/adn\/wp-content\/uploads\/sites\/4\/2020\/12\/Ana-Mariya-Atanasova.png\" alt=\"\" data-id=\"1241\" data-full-url=\"https:\/\/iesnavarrovilloslada.educacion.navarra.es\/web\/adn\/wp-content\/uploads\/sites\/4\/2020\/12\/Ana-Mariya-Atanasova.png\" data-link=\"https:\/\/iesnavarrovilloslada.educacion.navarra.es\/web\/adn\/?attachment_id=1241\" class=\"wp-image-1241\" srcset=\"https:\/\/iesnavarrovilloslada.educacion.navarra.es\/web\/adn\/wp-content\/uploads\/sites\/4\/2020\/12\/Ana-Mariya-Atanasova.png 794w, https:\/\/iesnavarrovilloslada.educacion.navarra.es\/web\/adn\/wp-content\/uploads\/sites\/4\/2020\/12\/Ana-Mariya-Atanasova-300x191.png 300w, https:\/\/iesnavarrovilloslada.educacion.navarra.es\/web\/adn\/wp-content\/uploads\/sites\/4\/2020\/12\/Ana-Mariya-Atanasova-768x489.png 768w\" sizes=\"(max-width: 794px) 100vw, 794px\" \/><figcaption class=\"blocks-gallery-item__caption\"><a href=\"https:\/\/drive.google.com\/file\/d\/14JToIR6g9hO7AenMxSKwes9a5QRrxW-9\/view?usp=sharing\"><sub><sup><span style=\"color:#c5c5c5\" class=\"has-inline-color\">Ana Mariya Atanasova<\/span><\/sup><\/sub><\/a><\/figcaption><\/figure><\/li><\/ul><\/figure>\n\n\n\n<div class=\"wp-block-columns is-layout-flex wp-container-core-columns-is-layout-2 wp-block-columns-is-layout-flex\">\n<div class=\"wp-block-column is-layout-flow wp-block-column-is-layout-flow\">\n<iframe src=\"https:\/\/drive.google.com\/file\/d\/1p-Y-6x8JRYtCcGKMbDM7IIEsIy4IguSw\/preview\" width=\"640\" height=\"480\"><\/iframe>\n<\/div>\n\n\n\n<div class=\"wp-block-column is-layout-flow wp-block-column-is-layout-flow\">\n<iframe src=\"https:\/\/drive.google.com\/file\/d\/1AJ-DwkkceH2b2AcQ57DUYtaYwRIM53-t\/preview\" width=\"640\" height=\"480\"><\/iframe>\n\n\n\n<p><\/p>\n<\/div>\n<\/div>\n","protected":false},"excerpt":{"rendered":"<p>ARTIFICIAL INTELLIGENCE AT NAVARRO VILLOSLADA Our school has something to celebrate! The Internationalization Agency of the European Union has granted us a new Erasmus+ project. The \u201cBRAIINS: BRing AI In School\u201d project will last 3 school years, from 2020 to 2023. Its aim is approaching&nbsp; Artificial Intelligence to education to start making our students and [&hellip;]<\/p>\n","protected":false},"author":14,"featured_media":1189,"menu_order":0,"comment_status":"closed","ping_status":"closed","template":"","format":"standard","meta":{"_genesis_hide_title":false,"_genesis_hide_breadcrumbs":false,"_genesis_hide_singular_image":false,"_genesis_hide_footer_widgets":false,"_genesis_custom_body_class":"","_genesis_custom_post_class":"","_genesis_layout":"","footnotes":"","_links_to":"","_links_to_target":""},"numero":[23],"seccion":[27],"idioma":[38,41],"class_list":{"0":"post-1123","1":"articulos","2":"type-articulos","3":"status-publish","4":"format-standard","5":"has-post-thumbnail","7":"numero-numero-2","8":"seccion-proyectos-de-centro","9":"idioma-espanol","10":"idioma-ingles","11":"entry"},"_links":{"self":[{"href":"https:\/\/iesnavarrovilloslada.educacion.navarra.es\/web\/adn\/wp-json\/wp\/v2\/articulos\/1123","targetHints":{"allow":["GET"]}}],"collection":[{"href":"https:\/\/iesnavarrovilloslada.educacion.navarra.es\/web\/adn\/wp-json\/wp\/v2\/articulos"}],"about":[{"href":"https:\/\/iesnavarrovilloslada.educacion.navarra.es\/web\/adn\/wp-json\/wp\/v2\/types\/articulos"}],"author":[{"embeddable":true,"href":"https:\/\/iesnavarrovilloslada.educacion.navarra.es\/web\/adn\/wp-json\/wp\/v2\/users\/14"}],"replies":[{"embeddable":true,"href":"https:\/\/iesnavarrovilloslada.educacion.navarra.es\/web\/adn\/wp-json\/wp\/v2\/comments?post=1123"}],"version-history":[{"count":43,"href":"https:\/\/iesnavarrovilloslada.educacion.navarra.es\/web\/adn\/wp-json\/wp\/v2\/articulos\/1123\/revisions"}],"predecessor-version":[{"id":1269,"href":"https:\/\/iesnavarrovilloslada.educacion.navarra.es\/web\/adn\/wp-json\/wp\/v2\/articulos\/1123\/revisions\/1269"}],"wp:featuredmedia":[{"embeddable":true,"href":"https:\/\/iesnavarrovilloslada.educacion.navarra.es\/web\/adn\/wp-json\/wp\/v2\/media\/1189"}],"wp:attachment":[{"href":"https:\/\/iesnavarrovilloslada.educacion.navarra.es\/web\/adn\/wp-json\/wp\/v2\/media?parent=1123"}],"wp:term":[{"taxonomy":"numero","embeddable":true,"href":"https:\/\/iesnavarrovilloslada.educacion.navarra.es\/web\/adn\/wp-json\/wp\/v2\/numero?post=1123"},{"taxonomy":"seccion","embeddable":true,"href":"https:\/\/iesnavarrovilloslada.educacion.navarra.es\/web\/adn\/wp-json\/wp\/v2\/seccion?post=1123"},{"taxonomy":"idioma","embeddable":true,"href":"https:\/\/iesnavarrovilloslada.educacion.navarra.es\/web\/adn\/wp-json\/wp\/v2\/idioma?post=1123"}],"curies":[{"name":"wp","href":"https:\/\/api.w.org\/{rel}","templated":true}]}}